{"id":96,"date":"2020-04-06T12:24:29","date_gmt":"2020-04-06T15:24:29","guid":{"rendered":"https:\/\/themes.muffingroup.com\/be\/politics2\/?page_id=2"},"modified":"2024-07-01T15:19:44","modified_gmt":"2024-07-01T18:19:44","slug":"centro-juvenil-dom-bosco","status":"publish","type":"page","link":"https:\/\/salesianossp.org.br\/oslapa\/","title":{"rendered":"Centro Juvenil Dom Bosco"},"content":{"rendered":"\t\t<div data-elementor-type=\"wp-page\" data-elementor-id=\"96\" class=\"elementor elementor-96\" data-elementor-post-type=\"page\">\n\t\t\t\t\t\t<section class=\"elementor-section elementor-top-section elementor-element elementor-element-7810f24b elementor-section-boxed elementor-section-height-default elementor-section-height-default\" data-id=\"7810f24b\" data-element_type=\"section\" data-e-type=\"section\" data-settings=\"{&quot;background_background&quot;:&quot;classic&quot;}\">\n\t\t\t\t\t\t<div class=\"elementor-container elementor-column-gap-wide\">\n\t\t\t\t\t<div class=\"elementor-column elementor-col-25 elementor-top-column elementor-element elementor-element-7362a311\" data-id=\"7362a311\" data-element_type=\"column\" data-e-type=\"column\">\n\t\t\t<div class=\"elementor-widget-wrap elementor-element-populated\">\n\t\t\t\t\t\t<div class=\"elementor-element elementor-element-38f32c8 elementor-widget elementor-widget-heading\" data-id=\"38f32c8\" data-element_type=\"widget\" data-e-type=\"widget\" data-widget_type=\"heading.default\">\n\t\t\t\t<div class=\"elementor-widget-container\">\n\t\t\t\t\t<h2 class=\"elementor-heading-title elementor-size-large\">3<h4>Servi\u00e7os<\/h2>\t\t\t\t<\/div>\n\t\t\t\t<\/div>\n\t\t\t\t<div class=\"elementor-element elementor-element-5c7dedf7 elementor-widget elementor-widget-image\" data-id=\"5c7dedf7\" data-element_type=\"widget\" data-e-type=\"widget\" data-widget_type=\"image.default\">\n\t\t\t\t<div class=\"elementor-widget-container\">\n\t\t\t\t\t\t\t\t\t\t\t\t\t\t\t<img fetchpriority=\"high\" decoding=\"async\" width=\"1024\" height=\"683\" src=\"https:\/\/salesianossp.org.br\/oslapa\/wp-content\/uploads\/2022\/10\/Foto-site-1024x683.jpg\" class=\"attachment-large size-large wp-image-3157\" alt=\"\" srcset=\"https:\/\/salesianossp.org.br\/oslapa\/wp-content\/uploads\/2022\/10\/Foto-site-1024x683.jpg 1024w, https:\/\/salesianossp.org.br\/oslapa\/wp-content\/uploads\/2022\/10\/Foto-site-300x200.jpg 300w, https:\/\/salesianossp.org.br\/oslapa\/wp-content\/uploads\/2022\/10\/Foto-site-768x512.jpg 768w, https:\/\/salesianossp.org.br\/oslapa\/wp-content\/uploads\/2022\/10\/Foto-site-1536x1024.jpg 1536w, https:\/\/salesianossp.org.br\/oslapa\/wp-content\/uploads\/2022\/10\/Foto-site-2048x1365.jpg 2048w, https:\/\/salesianossp.org.br\/oslapa\/wp-content\/uploads\/2022\/10\/Foto-site-219x146.jpg 219w, https:\/\/salesianossp.org.br\/oslapa\/wp-content\/uploads\/2022\/10\/Foto-site-50x33.jpg 50w, https:\/\/salesianossp.org.br\/oslapa\/wp-content\/uploads\/2022\/10\/Foto-site-113x75.jpg 113w\" sizes=\"(max-width:767px) 480px, (max-width:1024px) 100vw, 1024px\" \/>\t\t\t\t\t\t\t\t\t\t\t\t\t\t\t<\/div>\n\t\t\t\t<\/div>\n\t\t\t\t\t<\/div>\n\t\t<\/div>\n\t\t\t\t<div class=\"elementor-column elementor-col-25 elementor-top-column elementor-element elementor-element-6600f0e8\" data-id=\"6600f0e8\" data-element_type=\"column\" data-e-type=\"column\">\n\t\t\t<div class=\"elementor-widget-wrap elementor-element-populated\">\n\t\t\t\t\t\t<div class=\"elementor-element elementor-element-241b5ee1 elementor-widget elementor-widget-heading\" data-id=\"241b5ee1\" data-element_type=\"widget\" data-e-type=\"widget\" data-widget_type=\"heading.default\">\n\t\t\t\t<div class=\"elementor-widget-container\">\n\t\t\t\t\t<h2 class=\"elementor-heading-title elementor-size-large\">564<h4>Atendidos\/M\u00eas<\/h2>\t\t\t\t<\/div>\n\t\t\t\t<\/div>\n\t\t\t\t<div class=\"elementor-element elementor-element-4dd7a2e8 elementor-widget elementor-widget-image\" data-id=\"4dd7a2e8\" data-element_type=\"widget\" data-e-type=\"widget\" data-widget_type=\"image.default\">\n\t\t\t\t<div class=\"elementor-widget-container\">\n\t\t\t\t\t\t\t\t\t\t\t\t\t\t\t<img decoding=\"async\" width=\"1024\" height=\"683\" src=\"https:\/\/salesianossp.org.br\/oslapa\/wp-content\/uploads\/2022\/10\/IMG_4474-1024x683.jpg\" class=\"attachment-large size-large wp-image-3144\" alt=\"\" srcset=\"https:\/\/salesianossp.org.br\/oslapa\/wp-content\/uploads\/2022\/10\/IMG_4474-1024x683.jpg 1024w, https:\/\/salesianossp.org.br\/oslapa\/wp-content\/uploads\/2022\/10\/IMG_4474-300x200.jpg 300w, https:\/\/salesianossp.org.br\/oslapa\/wp-content\/uploads\/2022\/10\/IMG_4474-768x512.jpg 768w, https:\/\/salesianossp.org.br\/oslapa\/wp-content\/uploads\/2022\/10\/IMG_4474-1536x1024.jpg 1536w, https:\/\/salesianossp.org.br\/oslapa\/wp-content\/uploads\/2022\/10\/IMG_4474-2048x1365.jpg 2048w, https:\/\/salesianossp.org.br\/oslapa\/wp-content\/uploads\/2022\/10\/IMG_4474-219x146.jpg 219w, https:\/\/salesianossp.org.br\/oslapa\/wp-content\/uploads\/2022\/10\/IMG_4474-50x33.jpg 50w, https:\/\/salesianossp.org.br\/oslapa\/wp-content\/uploads\/2022\/10\/IMG_4474-113x75.jpg 113w\" sizes=\"(max-width:767px) 480px, (max-width:1024px) 100vw, 1024px\" \/>\t\t\t\t\t\t\t\t\t\t\t\t\t\t\t<\/div>\n\t\t\t\t<\/div>\n\t\t\t\t\t<\/div>\n\t\t<\/div>\n\t\t\t\t<div class=\"elementor-column elementor-col-25 elementor-top-column elementor-element elementor-element-1c62a1de\" data-id=\"1c62a1de\" data-element_type=\"column\" data-e-type=\"column\">\n\t\t\t<div class=\"elementor-widget-wrap elementor-element-populated\">\n\t\t\t\t\t\t<div class=\"elementor-element elementor-element-336c99a3 elementor-widget elementor-widget-heading\" data-id=\"336c99a3\" data-element_type=\"widget\" data-e-type=\"widget\" data-widget_type=\"heading.default\">\n\t\t\t\t<div class=\"elementor-widget-container\">\n\t\t\t\t\t<h2 class=\"elementor-heading-title elementor-size-large\">29<h4>Funcion\u00e1rios<\/h2>\t\t\t\t<\/div>\n\t\t\t\t<\/div>\n\t\t\t\t<div class=\"elementor-element elementor-element-71575de8 elementor-widget elementor-widget-image\" data-id=\"71575de8\" data-element_type=\"widget\" data-e-type=\"widget\" data-widget_type=\"image.default\">\n\t\t\t\t<div class=\"elementor-widget-container\">\n\t\t\t\t\t\t\t\t\t\t\t\t\t\t\t<img decoding=\"async\" width=\"1024\" height=\"683\" src=\"https:\/\/salesianossp.org.br\/oslapa\/wp-content\/uploads\/2023\/02\/IMG_8014-1024x683.jpg\" class=\"attachment-large size-large wp-image-4537\" alt=\"\" srcset=\"https:\/\/salesianossp.org.br\/oslapa\/wp-content\/uploads\/2023\/02\/IMG_8014-1024x683.jpg 1024w, https:\/\/salesianossp.org.br\/oslapa\/wp-content\/uploads\/2023\/02\/IMG_8014-300x200.jpg 300w, https:\/\/salesianossp.org.br\/oslapa\/wp-content\/uploads\/2023\/02\/IMG_8014-768x512.jpg 768w, https:\/\/salesianossp.org.br\/oslapa\/wp-content\/uploads\/2023\/02\/IMG_8014-1536x1024.jpg 1536w, https:\/\/salesianossp.org.br\/oslapa\/wp-content\/uploads\/2023\/02\/IMG_8014-219x146.jpg 219w, https:\/\/salesianossp.org.br\/oslapa\/wp-content\/uploads\/2023\/02\/IMG_8014-50x33.jpg 50w, https:\/\/salesianossp.org.br\/oslapa\/wp-content\/uploads\/2023\/02\/IMG_8014-113x75.jpg 113w, https:\/\/salesianossp.org.br\/oslapa\/wp-content\/uploads\/2023\/02\/IMG_8014.jpg 1920w\" sizes=\"(max-width:767px) 480px, (max-width:1024px) 100vw, 1024px\" \/>\t\t\t\t\t\t\t\t\t\t\t\t\t\t\t<\/div>\n\t\t\t\t<\/div>\n\t\t\t\t\t<\/div>\n\t\t<\/div>\n\t\t\t\t<div class=\"elementor-column elementor-col-25 elementor-top-column elementor-element elementor-element-29c5c599\" data-id=\"29c5c599\" data-element_type=\"column\" data-e-type=\"column\">\n\t\t\t<div class=\"elementor-widget-wrap elementor-element-populated\">\n\t\t\t\t\t\t<div class=\"elementor-element elementor-element-4d6d8044 elementor-widget elementor-widget-heading\" data-id=\"4d6d8044\" data-element_type=\"widget\" data-e-type=\"widget\" data-widget_type=\"heading.default\">\n\t\t\t\t<div class=\"elementor-widget-container\">\n\t\t\t\t\t<h2 class=\"elementor-heading-title elementor-size-large\">212.256<h4>Refei\u00e7\u00f5es\/Ano<\/h2>\t\t\t\t<\/div>\n\t\t\t\t<\/div>\n\t\t\t\t<div class=\"elementor-element elementor-element-240540a6 elementor-widget elementor-widget-image\" data-id=\"240540a6\" data-element_type=\"widget\" data-e-type=\"widget\" data-widget_type=\"image.default\">\n\t\t\t\t<div class=\"elementor-widget-container\">\n\t\t\t\t\t\t\t\t\t\t\t\t\t\t\t<img loading=\"lazy\" decoding=\"async\" width=\"853\" height=\"566\" src=\"https:\/\/salesianossp.org.br\/oslapa\/wp-content\/uploads\/2021\/10\/REFEITORIO.jpg\" class=\"attachment-large size-large wp-image-1779\" alt=\"\" srcset=\"https:\/\/salesianossp.org.br\/oslapa\/wp-content\/uploads\/2021\/10\/REFEITORIO.jpg 853w, https:\/\/salesianossp.org.br\/oslapa\/wp-content\/uploads\/2021\/10\/REFEITORIO-300x199.jpg 300w, https:\/\/salesianossp.org.br\/oslapa\/wp-content\/uploads\/2021\/10\/REFEITORIO-768x510.jpg 768w, https:\/\/salesianossp.org.br\/oslapa\/wp-content\/uploads\/2021\/10\/REFEITORIO-220x146.jpg 220w, https:\/\/salesianossp.org.br\/oslapa\/wp-content\/uploads\/2021\/10\/REFEITORIO-50x33.jpg 50w, https:\/\/salesianossp.org.br\/oslapa\/wp-content\/uploads\/2021\/10\/REFEITORIO-113x75.jpg 113w, https:\/\/salesianossp.org.br\/oslapa\/wp-content\/uploads\/2021\/10\/REFEITORIO-750x498.jpg 750w\" sizes=\"(max-width:767px) 480px, (max-width:853px) 100vw, 853px\" \/>\t\t\t\t\t\t\t\t\t\t\t\t\t\t\t<\/div>\n\t\t\t\t<\/div>\n\t\t\t\t\t<\/div>\n\t\t<\/div>\n\t\t\t\t\t<\/div>\n\t\t<\/section>\n\t\t\t\t<section class=\"elementor-section elementor-top-section elementor-element elementor-element-12dd98a elementor-section-full_width elementor-section-height-default elementor-section-height-default\" data-id=\"12dd98a\" data-element_type=\"section\" data-e-type=\"section\">\n\t\t\t\t\t\t<div class=\"elementor-container elementor-column-gap-default\">\n\t\t\t\t\t<div class=\"elementor-column elementor-col-100 elementor-top-column elementor-element elementor-element-5287aa0\" data-id=\"5287aa0\" data-element_type=\"column\" data-e-type=\"column\">\n\t\t\t<div class=\"elementor-widget-wrap\">\n\t\t\t\t\t\t\t<\/div>\n\t\t<\/div>\n\t\t\t\t\t<\/div>\n\t\t<\/section>\n\t\t\t\t<section class=\"elementor-section elementor-top-section elementor-element elementor-element-a22cee6 elementor-section-boxed elementor-section-height-default elementor-section-height-default\" data-id=\"a22cee6\" data-element_type=\"section\" data-e-type=\"section\">\n\t\t\t\t\t\t<div class=\"elementor-container elementor-column-gap-default\">\n\t\t\t\t\t<div class=\"elementor-column elementor-col-100 elementor-top-column elementor-element elementor-element-c9dce1b\" data-id=\"c9dce1b\" data-element_type=\"column\" data-e-type=\"column\">\n\t\t\t<div class=\"elementor-widget-wrap elementor-element-populated\">\n\t\t\t\t\t\t<div class=\"elementor-element elementor-element-f999e12 elementor-grid-3 elementor-grid-tablet-2 elementor-grid-mobile-1 elementor-posts--thumbnail-top elementor-widget elementor-widget-posts\" data-id=\"f999e12\" data-element_type=\"widget\" data-e-type=\"widget\" data-settings=\"{&quot;classic_columns&quot;:&quot;3&quot;,&quot;classic_columns_tablet&quot;:&quot;2&quot;,&quot;classic_columns_mobile&quot;:&quot;1&quot;,&quot;classic_row_gap&quot;:{&quot;unit&quot;:&quot;px&quot;,&quot;size&quot;:35,&quot;sizes&quot;:[]},&quot;classic_row_gap_tablet&quot;:{&quot;unit&quot;:&quot;px&quot;,&quot;size&quot;:&quot;&quot;,&quot;sizes&quot;:[]},&quot;classic_row_gap_mobile&quot;:{&quot;unit&quot;:&quot;px&quot;,&quot;size&quot;:&quot;&quot;,&quot;sizes&quot;:[]}}\" data-widget_type=\"posts.classic\">\n\t\t\t\t<div class=\"elementor-widget-container\">\n\t\t\t\t\t\t\t<div class=\"elementor-posts-container elementor-posts elementor-posts--skin-classic elementor-grid\" role=\"list\">\n\t\t\t\t<article class=\"elementor-post elementor-grid-item post-8412 post type-post status-publish format-standard has-post-thumbnail hentry category-cca category-cedesp category-curso-de-gastronomia category-jovem-aprendiz category-noticias category-servicos tag-cjdombosco tag-dombosco tag-lapasp tag-paroquiasaojoaoboscoaltodalapa tag-rsbsocial tag-salesianos-2\" role=\"listitem\">\n\t\t\t\t<a class=\"elementor-post__thumbnail__link\" href=\"https:\/\/salesianossp.org.br\/oslapa\/brasa-solidaria-aquece-o-centro-juvenil-dom-bosco\/\" tabindex=\"-1\" >\n\t\t\t<div class=\"elementor-post__thumbnail\"><img loading=\"lazy\" decoding=\"async\" width=\"300\" height=\"169\" src=\"https:\/\/salesianossp.org.br\/oslapa\/wp-content\/uploads\/2024\/04\/WhatsApp-Image-2024-04-12-at-13.56.42-15-1-300x169.jpeg\" class=\"attachment-medium size-medium wp-image-8562\" alt=\"\" srcset=\"https:\/\/salesianossp.org.br\/oslapa\/wp-content\/uploads\/2024\/04\/WhatsApp-Image-2024-04-12-at-13.56.42-15-1-300x169.jpeg 300w, https:\/\/salesianossp.org.br\/oslapa\/wp-content\/uploads\/2024\/04\/WhatsApp-Image-2024-04-12-at-13.56.42-15-1-1024x576.jpeg 1024w, https:\/\/salesianossp.org.br\/oslapa\/wp-content\/uploads\/2024\/04\/WhatsApp-Image-2024-04-12-at-13.56.42-15-1-768x432.jpeg 768w, https:\/\/salesianossp.org.br\/oslapa\/wp-content\/uploads\/2024\/04\/WhatsApp-Image-2024-04-12-at-13.56.42-15-1-133x75.jpeg 133w, https:\/\/salesianossp.org.br\/oslapa\/wp-content\/uploads\/2024\/04\/WhatsApp-Image-2024-04-12-at-13.56.42-15-1-1200x675.jpeg 1200w, https:\/\/salesianossp.org.br\/oslapa\/wp-content\/uploads\/2024\/04\/WhatsApp-Image-2024-04-12-at-13.56.42-15-1-480x270.jpeg 480w, https:\/\/salesianossp.org.br\/oslapa\/wp-content\/uploads\/2024\/04\/WhatsApp-Image-2024-04-12-at-13.56.42-15-1.jpeg 1280w\" sizes=\"(max-width:767px) 300px, 300px\" \/><\/div>\n\t\t<\/a>\n\t\t\t\t<div class=\"elementor-post__text\">\n\t\t\t\t<h3 class=\"elementor-post__title\">\n\t\t\t<a href=\"https:\/\/salesianossp.org.br\/oslapa\/brasa-solidaria-aquece-o-centro-juvenil-dom-bosco\/\" >\n\t\t\t\t&#8220;Brasa solid\u00e1ria&#8221; aquece o Centro Juvenil Dom Bosco\t\t\t<\/a>\n\t\t<\/h3>\n\t\t\t\t<div class=\"elementor-post__meta-data\">\n\t\t\t\t\t<span class=\"elementor-post-date\">\n\t\t\t18\/04\/2024\t\t<\/span>\n\t\t\t\t<span class=\"elementor-post-avatar\">\n\t\t\tNenhum coment\u00e1rio\t\t<\/span>\n\t\t\t\t<\/div>\n\t\t\t\t<div class=\"elementor-post__excerpt\">\n\t\t\t<p>No \u00faltimo dia 07, mais de 300 pessoas compareceram ao Centro Juvenil Dom Bosco, para participar do Almo\u00e7o Beneficente, em parceria com a equipe da Par\u00f3quia<\/p>\n\t\t<\/div>\n\t\t\n\t\t<a class=\"elementor-post__read-more\" href=\"https:\/\/salesianossp.org.br\/oslapa\/brasa-solidaria-aquece-o-centro-juvenil-dom-bosco\/\" aria-label=\"Leia mais sobre &#8220;Brasa solid\u00e1ria&#8221; aquece o Centro Juvenil Dom Bosco\" tabindex=\"-1\" >\n\t\t\tLeia mais \u00bb\t\t<\/a>\n\n\t\t\t\t<\/div>\n\t\t\t\t<\/article>\n\t\t\t\t<article class=\"elementor-post elementor-grid-item post-7904 post type-post status-publish format-standard has-post-thumbnail hentry category-cca category-cedesp category-curso-de-gastronomia category-jovem-aprendiz category-noticias category-paroquia category-servicos tag-cca-2 tag-cedesp-2 tag-cjdombosco tag-dombosco tag-jovemaprendiz tag-lapasp tag-salesianos-2\" role=\"listitem\">\n\t\t\t\t<a class=\"elementor-post__thumbnail__link\" href=\"https:\/\/salesianossp.org.br\/oslapa\/celebracao-de-pascoa\/\" tabindex=\"-1\" >\n\t\t\t<div class=\"elementor-post__thumbnail\"><img loading=\"lazy\" decoding=\"async\" width=\"300\" height=\"169\" src=\"https:\/\/salesianossp.org.br\/oslapa\/wp-content\/uploads\/2024\/04\/20240405_090812-300x169.jpg\" class=\"attachment-medium size-medium wp-image-7949\" alt=\"\" srcset=\"https:\/\/salesianossp.org.br\/oslapa\/wp-content\/uploads\/2024\/04\/20240405_090812-300x169.jpg 300w, https:\/\/salesianossp.org.br\/oslapa\/wp-content\/uploads\/2024\/04\/20240405_090812-1024x577.jpg 1024w, https:\/\/salesianossp.org.br\/oslapa\/wp-content\/uploads\/2024\/04\/20240405_090812-768x432.jpg 768w, https:\/\/salesianossp.org.br\/oslapa\/wp-content\/uploads\/2024\/04\/20240405_090812-1536x865.jpg 1536w, https:\/\/salesianossp.org.br\/oslapa\/wp-content\/uploads\/2024\/04\/20240405_090812-2048x1153.jpg 2048w, https:\/\/salesianossp.org.br\/oslapa\/wp-content\/uploads\/2024\/04\/20240405_090812-133x75.jpg 133w, https:\/\/salesianossp.org.br\/oslapa\/wp-content\/uploads\/2024\/04\/20240405_090812-1200x675.jpg 1200w, https:\/\/salesianossp.org.br\/oslapa\/wp-content\/uploads\/2024\/04\/20240405_090812-480x270.jpg 480w\" sizes=\"(max-width:767px) 300px, 300px\" \/><\/div>\n\t\t<\/a>\n\t\t\t\t<div class=\"elementor-post__text\">\n\t\t\t\t<h3 class=\"elementor-post__title\">\n\t\t\t<a href=\"https:\/\/salesianossp.org.br\/oslapa\/celebracao-de-pascoa\/\" >\n\t\t\t\tCelebra\u00e7\u00e3o de P\u00e1scoa\t\t\t<\/a>\n\t\t<\/h3>\n\t\t\t\t<div class=\"elementor-post__meta-data\">\n\t\t\t\t\t<span class=\"elementor-post-date\">\n\t\t\t11\/04\/2024\t\t<\/span>\n\t\t\t\t<span class=\"elementor-post-avatar\">\n\t\t\tNenhum coment\u00e1rio\t\t<\/span>\n\t\t\t\t<\/div>\n\t\t\t\t<div class=\"elementor-post__excerpt\">\n\t\t\t<p>A P\u00e1scoa \u00e9 um per\u00edodo de reflex\u00e3o e renova\u00e7\u00e3o de tudo que comp\u00f5e a nossa vida. A palavra significa \u201cpassagem\u201d, remete \u00e0 morte de Jesus Cristo,<\/p>\n\t\t<\/div>\n\t\t\n\t\t<a class=\"elementor-post__read-more\" href=\"https:\/\/salesianossp.org.br\/oslapa\/celebracao-de-pascoa\/\" aria-label=\"Leia mais sobre Celebra\u00e7\u00e3o de P\u00e1scoa\" tabindex=\"-1\" >\n\t\t\tLeia mais \u00bb\t\t<\/a>\n\n\t\t\t\t<\/div>\n\t\t\t\t<\/article>\n\t\t\t\t<article class=\"elementor-post elementor-grid-item post-7835 post type-post status-publish format-standard has-post-thumbnail hentry category-cca category-noticias category-servicos tag-cca-2 tag-cjdombosco tag-dombosco tag-salesianos-2 tag-vinculos-familiares\" role=\"listitem\">\n\t\t\t\t<a class=\"elementor-post__thumbnail__link\" href=\"https:\/\/salesianossp.org.br\/oslapa\/celebrando-conexoes-cca-realiza-2o-encontro-sociofamiliar\/\" tabindex=\"-1\" >\n\t\t\t<div class=\"elementor-post__thumbnail\"><img loading=\"lazy\" decoding=\"async\" width=\"300\" height=\"200\" src=\"https:\/\/salesianossp.org.br\/oslapa\/wp-content\/uploads\/2024\/03\/IMG_6822-300x200.jpg\" class=\"attachment-medium size-medium wp-image-7839\" alt=\"\" srcset=\"https:\/\/salesianossp.org.br\/oslapa\/wp-content\/uploads\/2024\/03\/IMG_6822-300x200.jpg 300w, https:\/\/salesianossp.org.br\/oslapa\/wp-content\/uploads\/2024\/03\/IMG_6822-1024x683.jpg 1024w, https:\/\/salesianossp.org.br\/oslapa\/wp-content\/uploads\/2024\/03\/IMG_6822-768x512.jpg 768w, https:\/\/salesianossp.org.br\/oslapa\/wp-content\/uploads\/2024\/03\/IMG_6822-1536x1024.jpg 1536w, https:\/\/salesianossp.org.br\/oslapa\/wp-content\/uploads\/2024\/03\/IMG_6822-113x75.jpg 113w, https:\/\/salesianossp.org.br\/oslapa\/wp-content\/uploads\/2024\/03\/IMG_6822-480x320.jpg 480w, https:\/\/salesianossp.org.br\/oslapa\/wp-content\/uploads\/2024\/03\/IMG_6822.jpg 1920w\" sizes=\"(max-width:767px) 300px, 300px\" \/><\/div>\n\t\t<\/a>\n\t\t\t\t<div class=\"elementor-post__text\">\n\t\t\t\t<h3 class=\"elementor-post__title\">\n\t\t\t<a href=\"https:\/\/salesianossp.org.br\/oslapa\/celebrando-conexoes-cca-realiza-2o-encontro-sociofamiliar\/\" >\n\t\t\t\tCelebrando conex\u00f5es: CCA realiza 2\u00ba encontro sociofamiliar\t\t\t<\/a>\n\t\t<\/h3>\n\t\t\t\t<div class=\"elementor-post__meta-data\">\n\t\t\t\t\t<span class=\"elementor-post-date\">\n\t\t\t26\/03\/2024\t\t<\/span>\n\t\t\t\t<span class=\"elementor-post-avatar\">\n\t\t\tNenhum coment\u00e1rio\t\t<\/span>\n\t\t\t\t<\/div>\n\t\t\t\t<div class=\"elementor-post__excerpt\">\n\t\t\t<p>Nada pode ser mais significativo do que a uni\u00e3o das fam\u00edlias de nossos educandos com o Centro Juvenil Dom Bosco em torno de um prop\u00f3sito comum.<\/p>\n\t\t<\/div>\n\t\t\n\t\t<a class=\"elementor-post__read-more\" href=\"https:\/\/salesianossp.org.br\/oslapa\/celebrando-conexoes-cca-realiza-2o-encontro-sociofamiliar\/\" aria-label=\"Leia mais sobre Celebrando conex\u00f5es: CCA realiza 2\u00ba encontro sociofamiliar\" tabindex=\"-1\" >\n\t\t\tLeia mais \u00bb\t\t<\/a>\n\n\t\t\t\t<\/div>\n\t\t\t\t<\/article>\n\t\t\t\t<article class=\"elementor-post elementor-grid-item post-7741 post type-post status-publish format-standard has-post-thumbnail hentry category-cca category-noticias category-servicos tag-cca-2 tag-cisnenegrocia tag-cjdombosco tag-dombosco tag-lapasp tag-salesianos-2\" role=\"listitem\">\n\t\t\t\t<a class=\"elementor-post__thumbnail__link\" href=\"https:\/\/salesianossp.org.br\/oslapa\/bem-vindo-ao-centro-juvenil-salesiano-dom-bosco-onde-a-arte-encontra-a-solidariedade\/\" tabindex=\"-1\" >\n\t\t\t<div class=\"elementor-post__thumbnail\"><img loading=\"lazy\" decoding=\"async\" width=\"300\" height=\"200\" src=\"https:\/\/salesianossp.org.br\/oslapa\/wp-content\/uploads\/2024\/03\/IMG_6765-300x200.jpg\" class=\"attachment-medium size-medium wp-image-7773\" alt=\"\" srcset=\"https:\/\/salesianossp.org.br\/oslapa\/wp-content\/uploads\/2024\/03\/IMG_6765-300x200.jpg 300w, https:\/\/salesianossp.org.br\/oslapa\/wp-content\/uploads\/2024\/03\/IMG_6765-1024x683.jpg 1024w, https:\/\/salesianossp.org.br\/oslapa\/wp-content\/uploads\/2024\/03\/IMG_6765-768x512.jpg 768w, https:\/\/salesianossp.org.br\/oslapa\/wp-content\/uploads\/2024\/03\/IMG_6765-1536x1024.jpg 1536w, https:\/\/salesianossp.org.br\/oslapa\/wp-content\/uploads\/2024\/03\/IMG_6765-113x75.jpg 113w, https:\/\/salesianossp.org.br\/oslapa\/wp-content\/uploads\/2024\/03\/IMG_6765-480x320.jpg 480w, https:\/\/salesianossp.org.br\/oslapa\/wp-content\/uploads\/2024\/03\/IMG_6765.jpg 1920w\" sizes=\"(max-width:767px) 300px, 300px\" \/><\/div>\n\t\t<\/a>\n\t\t\t\t<div class=\"elementor-post__text\">\n\t\t\t\t<h3 class=\"elementor-post__title\">\n\t\t\t<a href=\"https:\/\/salesianossp.org.br\/oslapa\/bem-vindo-ao-centro-juvenil-salesiano-dom-bosco-onde-a-arte-encontra-a-solidariedade\/\" >\n\t\t\t\tBem-vindo ao Centro Juvenil Salesiano Dom Bosco, onde a arte encontra a solidariedade\t\t\t<\/a>\n\t\t<\/h3>\n\t\t\t\t<div class=\"elementor-post__meta-data\">\n\t\t\t\t\t<span class=\"elementor-post-date\">\n\t\t\t07\/03\/2024\t\t<\/span>\n\t\t\t\t<span class=\"elementor-post-avatar\">\n\t\t\tNenhum coment\u00e1rio\t\t<\/span>\n\t\t\t\t<\/div>\n\t\t\t\t<div class=\"elementor-post__excerpt\">\n\t\t\t<p>O projeto CCA (Centro para Crian\u00e7as e Adolescentes), tem a honra de anunciar uma parceria \u00fanica e encantadora com a renomada CISNE NEGRO CIA. DE DAN\u00c7A.<\/p>\n\t\t<\/div>\n\t\t\n\t\t<a class=\"elementor-post__read-more\" href=\"https:\/\/salesianossp.org.br\/oslapa\/bem-vindo-ao-centro-juvenil-salesiano-dom-bosco-onde-a-arte-encontra-a-solidariedade\/\" aria-label=\"Leia mais sobre Bem-vindo ao Centro Juvenil Salesiano Dom Bosco, onde a arte encontra a solidariedade\" tabindex=\"-1\" >\n\t\t\tLeia mais \u00bb\t\t<\/a>\n\n\t\t\t\t<\/div>\n\t\t\t\t<\/article>\n\t\t\t\t<article class=\"elementor-post elementor-grid-item post-7557 post type-post status-publish format-standard has-post-thumbnail hentry category-cedesp category-curso-de-gastronomia category-eventos tag-cedesp-2 tag-cjdombosco tag-dombosco tag-lapasp tag-rsbsocial tag-salesianos-2\" role=\"listitem\">\n\t\t\t\t<a class=\"elementor-post__thumbnail__link\" href=\"https:\/\/salesianossp.org.br\/oslapa\/cedesp-realiza-a-expo-2023\/\" tabindex=\"-1\" >\n\t\t\t<div class=\"elementor-post__thumbnail\"><img loading=\"lazy\" decoding=\"async\" width=\"300\" height=\"200\" src=\"https:\/\/salesianossp.org.br\/oslapa\/wp-content\/uploads\/2023\/12\/IMG_5955-300x200.jpg\" class=\"attachment-medium size-medium wp-image-7645\" alt=\"\" srcset=\"https:\/\/salesianossp.org.br\/oslapa\/wp-content\/uploads\/2023\/12\/IMG_5955-300x200.jpg 300w, https:\/\/salesianossp.org.br\/oslapa\/wp-content\/uploads\/2023\/12\/IMG_5955-1024x683.jpg 1024w, https:\/\/salesianossp.org.br\/oslapa\/wp-content\/uploads\/2023\/12\/IMG_5955-768x512.jpg 768w, https:\/\/salesianossp.org.br\/oslapa\/wp-content\/uploads\/2023\/12\/IMG_5955-1536x1024.jpg 1536w, https:\/\/salesianossp.org.br\/oslapa\/wp-content\/uploads\/2023\/12\/IMG_5955-113x75.jpg 113w, https:\/\/salesianossp.org.br\/oslapa\/wp-content\/uploads\/2023\/12\/IMG_5955-480x320.jpg 480w, https:\/\/salesianossp.org.br\/oslapa\/wp-content\/uploads\/2023\/12\/IMG_5955.jpg 1920w\" sizes=\"(max-width:767px) 300px, 300px\" \/><\/div>\n\t\t<\/a>\n\t\t\t\t<div class=\"elementor-post__text\">\n\t\t\t\t<h3 class=\"elementor-post__title\">\n\t\t\t<a href=\"https:\/\/salesianossp.org.br\/oslapa\/cedesp-realiza-a-expo-2023\/\" >\n\t\t\t\tCEDESP realiza a EXPO 2023\t\t\t<\/a>\n\t\t<\/h3>\n\t\t\t\t<div class=\"elementor-post__meta-data\">\n\t\t\t\t\t<span class=\"elementor-post-date\">\n\t\t\t19\/12\/2023\t\t<\/span>\n\t\t\t\t<span class=\"elementor-post-avatar\">\n\t\t\tNenhum coment\u00e1rio\t\t<\/span>\n\t\t\t\t<\/div>\n\t\t\t\t<div class=\"elementor-post__excerpt\">\n\t\t\t<p>O Centro de Desenvolvimento Social e Produtivo (CEDESP), realizou no dia 06 de dezembro a EXPO 2023. A exposi\u00e7\u00e3o representa um momento \u00fanico de celebra\u00e7\u00e3o, aprendizado<\/p>\n\t\t<\/div>\n\t\t\n\t\t<a class=\"elementor-post__read-more\" href=\"https:\/\/salesianossp.org.br\/oslapa\/cedesp-realiza-a-expo-2023\/\" aria-label=\"Leia mais sobre CEDESP realiza a EXPO 2023\" tabindex=\"-1\" >\n\t\t\tLeia mais \u00bb\t\t<\/a>\n\n\t\t\t\t<\/div>\n\t\t\t\t<\/article>\n\t\t\t\t<article class=\"elementor-post elementor-grid-item post-7333 post type-post status-publish format-standard has-post-thumbnail hentry category-eventos category-paroquia tag-cjdombosco tag-dombosco tag-jantaritaliano-paroquisaojoaobosco tag-lapasp tag-salesianos-2\" role=\"listitem\">\n\t\t\t\t<a class=\"elementor-post__thumbnail__link\" href=\"https:\/\/salesianossp.org.br\/oslapa\/jantar-italiano-celebra-a-vida-no-centro-juvenil-dom-bosco\/\" tabindex=\"-1\" >\n\t\t\t<div class=\"elementor-post__thumbnail\"><img loading=\"lazy\" decoding=\"async\" width=\"300\" height=\"169\" src=\"https:\/\/salesianossp.org.br\/oslapa\/wp-content\/uploads\/2023\/12\/WhatsApp-Image-2023-12-14-at-10.16.31-300x169.jpeg\" class=\"attachment-medium size-medium wp-image-7551\" alt=\"\" srcset=\"https:\/\/salesianossp.org.br\/oslapa\/wp-content\/uploads\/2023\/12\/WhatsApp-Image-2023-12-14-at-10.16.31-300x169.jpeg 300w, https:\/\/salesianossp.org.br\/oslapa\/wp-content\/uploads\/2023\/12\/WhatsApp-Image-2023-12-14-at-10.16.31-768x432.jpeg 768w, https:\/\/salesianossp.org.br\/oslapa\/wp-content\/uploads\/2023\/12\/WhatsApp-Image-2023-12-14-at-10.16.31-133x75.jpeg 133w, https:\/\/salesianossp.org.br\/oslapa\/wp-content\/uploads\/2023\/12\/WhatsApp-Image-2023-12-14-at-10.16.31-480x270.jpeg 480w, https:\/\/salesianossp.org.br\/oslapa\/wp-content\/uploads\/2023\/12\/WhatsApp-Image-2023-12-14-at-10.16.31.jpeg 1024w\" sizes=\"(max-width:767px) 300px, 300px\" \/><\/div>\n\t\t<\/a>\n\t\t\t\t<div class=\"elementor-post__text\">\n\t\t\t\t<h3 class=\"elementor-post__title\">\n\t\t\t<a href=\"https:\/\/salesianossp.org.br\/oslapa\/jantar-italiano-celebra-a-vida-no-centro-juvenil-dom-bosco\/\" >\n\t\t\t\tJantar Italiano celebra a vida no Centro Juvenil Dom Bosco\t\t\t<\/a>\n\t\t<\/h3>\n\t\t\t\t<div class=\"elementor-post__meta-data\">\n\t\t\t\t\t<span class=\"elementor-post-date\">\n\t\t\t14\/12\/2023\t\t<\/span>\n\t\t\t\t<span class=\"elementor-post-avatar\">\n\t\t\tNenhum coment\u00e1rio\t\t<\/span>\n\t\t\t\t<\/div>\n\t\t\t\t<div class=\"elementor-post__excerpt\">\n\t\t\t<p>No dia 02 de dezembro, a comunidade da Par\u00f3quia S\u00e3o Jo\u00e3o Bosco e o Centro Juvenil Salesiano se reuniram em uma celebra\u00e7\u00e3o \u00fanica e deliciosa para<\/p>\n\t\t<\/div>\n\t\t\n\t\t<a class=\"elementor-post__read-more\" href=\"https:\/\/salesianossp.org.br\/oslapa\/jantar-italiano-celebra-a-vida-no-centro-juvenil-dom-bosco\/\" aria-label=\"Leia mais sobre Jantar Italiano celebra a vida no Centro Juvenil Dom Bosco\" tabindex=\"-1\" >\n\t\t\tLeia mais \u00bb\t\t<\/a>\n\n\t\t\t\t<\/div>\n\t\t\t\t<\/article>\n\t\t\t\t<\/div>\n\t\t\n\t\t\t\t\t\t<\/div>\n\t\t\t\t<\/div>\n\t\t\t\t<div class=\"elementor-element elementor-element-86e7cb8 elementor-testimonial--skin-bubble elementor-testimonial--layout-image_left elementor-testimonial--align-center elementor-arrows-yes elementor-pagination-type-bullets elementor-widget elementor-widget-testimonial-carousel\" data-id=\"86e7cb8\" data-element_type=\"widget\" data-e-type=\"widget\" data-settings=\"{&quot;slides_per_view&quot;:&quot;2&quot;,&quot;show_arrows&quot;:&quot;yes&quot;,&quot;pagination&quot;:&quot;bullets&quot;,&quot;speed&quot;:500,&quot;autoplay&quot;:&quot;yes&quot;,&quot;autoplay_speed&quot;:5000,&quot;loop&quot;:&quot;yes&quot;,&quot;pause_on_hover&quot;:&quot;yes&quot;,&quot;pause_on_interaction&quot;:&quot;yes&quot;,&quot;space_between&quot;:{&quot;unit&quot;:&quot;px&quot;,&quot;size&quot;:10,&quot;sizes&quot;:[]},&quot;space_between_tablet&quot;:{&quot;unit&quot;:&quot;px&quot;,&quot;size&quot;:10,&quot;sizes&quot;:[]},&quot;space_between_mobile&quot;:{&quot;unit&quot;:&quot;px&quot;,&quot;size&quot;:10,&quot;sizes&quot;:[]}}\" data-widget_type=\"testimonial-carousel.default\">\n\t\t\t\t<div class=\"elementor-widget-container\">\n\t\t\t\t\t\t\t\t\t<div class=\"elementor-swiper\">\n\t\t\t\t\t<div class=\"elementor-main-swiper swiper\" role=\"region\" aria-roledescription=\"carousel\" aria-label=\"Slides\">\n\t\t\t\t<div class=\"swiper-wrapper\">\n\t\t\t\t\t\t\t\t\t\t\t<div class=\"swiper-slide\" role=\"group\" aria-roledescription=\"slide\">\n\t\t\t\t\t\t\t\t\t<div class=\"elementor-testimonial\">\n\t\t\t\t\t\t\t<div class=\"elementor-testimonial__content\">\n\t\t\t\t\t<div class=\"elementor-testimonial__text\">\n\t\t\t\t\t\t\"Sou muito grata por essa oportunidade. Por tudo que aprendi nesse um ano\ne meio, onde cresci muito profissionalmente. O CJ Dom\nBosco me proporcionou novas amizades, o aprendizado, conhecimento e experi\u00eancias que tive atrav\u00e9s dos projetos que passei.\"\n\n\t\t\t\t\t<\/div>\n\t\t\t\t\t\t\t\t\t<\/div>\n\t\t\t\t\t\t<div class=\"elementor-testimonial__footer\">\n\t\t\t\t\t\t\t\t\t<div class=\"elementor-testimonial__image\">\n\t\t\t\t\t\t<img decoding=\"async\" src=\"https:\/\/salesianossp.org.br\/oslapa\/wp-content\/uploads\/2023\/02\/WhatsApp-Image-2023-02-09-at-13.59.40.jpeg\" alt=\"Beatriz Pinho de Souza\">\n\t\t\t\t\t\t\t\t\t\t\t<\/div>\n\t\t\t\t\t\t\t\t<cite class=\"elementor-testimonial__cite\"><span class=\"elementor-testimonial__name\">Beatriz Pinho de Souza<\/span><span class=\"elementor-testimonial__title\">Jovem Aprendiz<\/span><\/cite>\t\t\t<\/div>\n\t\t<\/div>\n\t\t\t\t\t\t\t\t<\/div>\n\t\t\t\t\t\t\t\t\t\t\t<div class=\"swiper-slide\" role=\"group\" aria-roledescription=\"slide\">\n\t\t\t\t\t\t\t\t\t<div class=\"elementor-testimonial\">\n\t\t\t\t\t\t\t<div class=\"elementor-testimonial__content\">\n\t\t\t\t\t<div class=\"elementor-testimonial__text\">\n\t\t\t\t\t\t\u201c\u00c9 uma segunda fam\u00edlia! Fui muito bem acolhida por pessoas que sempre v\u00e3o estar no meu cora\u00e7\u00e3o que vou levar pro resto da vida. Sou muito grata por tudo que aprendi e vivenciei neste lugar.\u201d\n\n\t\t\t\t\t<\/div>\n\t\t\t\t\t\t\t\t\t<\/div>\n\t\t\t\t\t\t<div class=\"elementor-testimonial__footer\">\n\t\t\t\t\t\t\t\t\t<div class=\"elementor-testimonial__image\">\n\t\t\t\t\t\t<img decoding=\"async\" src=\"https:\/\/salesianossp.org.br\/oslapa\/wp-content\/uploads\/2021\/03\/Ana-Paula-Velozo.jpg\" alt=\"Ana Paula Velozo\">\n\t\t\t\t\t\t\t\t\t\t\t<\/div>\n\t\t\t\t\t\t\t\t<cite class=\"elementor-testimonial__cite\"><span class=\"elementor-testimonial__name\">Ana Paula Velozo<\/span><span class=\"elementor-testimonial__title\">educanda do CCA.<\/span><\/cite>\t\t\t<\/div>\n\t\t<\/div>\n\t\t\t\t\t\t\t\t<\/div>\n\t\t\t\t\t\t\t\t\t\t\t<div class=\"swiper-slide\" role=\"group\" aria-roledescription=\"slide\">\n\t\t\t\t\t\t\t\t\t<div class=\"elementor-testimonial\">\n\t\t\t\t\t\t\t<div class=\"elementor-testimonial__content\">\n\t\t\t\t\t<div class=\"elementor-testimonial__text\">\n\t\t\t\t\t\t\u201c\u00c9 uma vis\u00e3o melhor do futuro, um lugar que me mostra que meus sonhos s\u00e3o poss\u00edveis sim e que me enche de vontade de correr atr\u00e1s de cada um deles.\u201d\n\n\t\t\t\t\t<\/div>\n\t\t\t\t\t\t\t\t\t<\/div>\n\t\t\t\t\t\t<div class=\"elementor-testimonial__footer\">\n\t\t\t\t\t\t\t\t\t<div class=\"elementor-testimonial__image\">\n\t\t\t\t\t\t<img decoding=\"async\" src=\"https:\/\/salesianossp.org.br\/oslapa\/wp-content\/uploads\/2021\/03\/Hillary-Santos.jpg\" alt=\"Hillary Santos\">\n\t\t\t\t\t\t\t\t\t\t\t<\/div>\n\t\t\t\t\t\t\t\t<cite class=\"elementor-testimonial__cite\"><span class=\"elementor-testimonial__name\">Hillary Santos<\/span><span class=\"elementor-testimonial__title\">Educanda CEDESP<\/span><\/cite>\t\t\t<\/div>\n\t\t<\/div>\n\t\t\t\t\t\t\t\t<\/div>\n\t\t\t\t\t\t\t\t\t\t\t<div class=\"swiper-slide\" role=\"group\" aria-roledescription=\"slide\">\n\t\t\t\t\t\t\t\t\t<div class=\"elementor-testimonial\">\n\t\t\t\t\t\t\t<div class=\"elementor-testimonial__content\">\n\t\t\t\t\t<div class=\"elementor-testimonial__text\">\n\t\t\t\t\t\t\"Ser uma jovem aprendiz foi uma das melhores coisas que aconteceram na minha vida. Abriu portas para mim e trouxe v\u00e1rias outras oportunidades, al\u00e9m de um olhar diferente para o mundo. Por isso sou muito grata pela oportunidade que o Salesiano Dom Bosco me trouxe, n\u00e3o irei me esquecer nunca de como comecei a minha vida profissional.\"\t\t\t\t\t<\/div>\n\t\t\t\t\t\t\t\t\t<\/div>\n\t\t\t\t\t\t<div class=\"elementor-testimonial__footer\">\n\t\t\t\t\t\t\t\t\t<div class=\"elementor-testimonial__image\">\n\t\t\t\t\t\t<img decoding=\"async\" src=\"https:\/\/salesianossp.org.br\/oslapa\/wp-content\/uploads\/2023\/02\/IMG_8301.jpg\" alt=\"Thaimilly\">\n\t\t\t\t\t\t\t\t\t\t\t<\/div>\n\t\t\t\t\t\t\t\t<cite class=\"elementor-testimonial__cite\"><span class=\"elementor-testimonial__name\">Thaimilly<\/span><span class=\"elementor-testimonial__title\"> Jovem aprendiz<\/span><\/cite>\t\t\t<\/div>\n\t\t<\/div>\n\t\t\t\t\t\t\t\t<\/div>\n\t\t\t\t\t\t\t\t\t\t\t<div class=\"swiper-slide\" role=\"group\" aria-roledescription=\"slide\">\n\t\t\t\t\t\t\t\t\t<div class=\"elementor-testimonial\">\n\t\t\t\t\t\t\t<div class=\"elementor-testimonial__content\">\n\t\t\t\t\t<div class=\"elementor-testimonial__text\">\n\t\t\t\t\t\t\u201cNo Centro Juvenil, a cada semente plantada h\u00e1 sempre a esperan\u00e7a de boas colheitas.\u201d\t\t\t\t\t<\/div>\n\t\t\t\t\t\t\t\t\t<\/div>\n\t\t\t\t\t\t<div class=\"elementor-testimonial__footer\">\n\t\t\t\t\t\t\t\t\t<div class=\"elementor-testimonial__image\">\n\t\t\t\t\t\t<img decoding=\"async\" src=\"https:\/\/salesianossp.org.br\/oslapa\/wp-content\/uploads\/2021\/03\/Nair-Haminsk.jpg\" alt=\"Nair Kaminsk\">\n\t\t\t\t\t\t\t\t\t\t\t<\/div>\n\t\t\t\t\t\t\t\t<cite class=\"elementor-testimonial__cite\"><span class=\"elementor-testimonial__name\">Nair Kaminsk<\/span><span class=\"elementor-testimonial__title\">Psic\u00f3loga volunt\u00e1ria<\/span><\/cite>\t\t\t<\/div>\n\t\t<\/div>\n\t\t\t\t\t\t\t\t<\/div>\n\t\t\t\t\t\t\t\t\t\t\t<div class=\"swiper-slide\" role=\"group\" aria-roledescription=\"slide\">\n\t\t\t\t\t\t\t\t\t<div class=\"elementor-testimonial\">\n\t\t\t\t\t\t\t<div class=\"elementor-testimonial__content\">\n\t\t\t\t\t<div class=\"elementor-testimonial__text\">\n\t\t\t\t\t\t\"A pedagogia Salesiana transforma vidas, assim fez com a minha, como educando e hoje como educador. Sou sinal de fortalecimento e amor no meio dessas crian\u00e7as, adolescentes e jovens.\"\n\t\t\t\t\t<\/div>\n\t\t\t\t\t\t\t\t\t<\/div>\n\t\t\t\t\t\t<div class=\"elementor-testimonial__footer\">\n\t\t\t\t\t\t\t\t\t<div class=\"elementor-testimonial__image\">\n\t\t\t\t\t\t<img decoding=\"async\" src=\"https:\/\/salesianossp.org.br\/oslapa\/wp-content\/uploads\/2023\/02\/WhatsApp-Image-2023-02-09-at-15.09.27.jpeg\" alt=\"Fabio Ruas\">\n\t\t\t\t\t\t\t\t\t\t\t<\/div>\n\t\t\t\t\t\t\t\t<cite class=\"elementor-testimonial__cite\"><span class=\"elementor-testimonial__name\">Fabio Ruas<\/span><span class=\"elementor-testimonial__title\">Ex-educando CCA e colaborador<\/span><\/cite>\t\t\t<\/div>\n\t\t<\/div>\n\t\t\t\t\t\t\t\t<\/div>\n\t\t\t\t\t\t\t\t\t<\/div>\n\t\t\t\t\t\t\t\t\t\t\t\t\t\t\t<div class=\"elementor-swiper-button elementor-swiper-button-prev\" role=\"button\" tabindex=\"0\" aria-label=\"Anterior\">\n\t\t\t\t\t\t\t<i aria-hidden=\"true\" class=\"eicon-chevron-left\"><\/i>\t\t\t\t\t\t<\/div>\n\t\t\t\t\t\t<div class=\"elementor-swiper-button elementor-swiper-button-next\" role=\"button\" tabindex=\"0\" aria-label=\"Pr\u00f3ximo\">\n\t\t\t\t\t\t\t<i aria-hidden=\"true\" class=\"eicon-chevron-right\"><\/i>\t\t\t\t\t\t<\/div>\n\t\t\t\t\t\t\t\t\t\t\t\t\t\t\t\t<div class=\"swiper-pagination\"><\/div>\n\t\t\t\t\t\t\t\t\t\t\t\t<\/div>\n\t\t\t\t<\/div>\n\t\t\t\t\t\t\t\t<\/div>\n\t\t\t\t<\/div>\n\t\t\t\t\t<\/div>\n\t\t<\/div>\n\t\t\t\t\t<\/div>\n\t\t<\/section>\n\t\t\t\t<\/div>\n\t\t","protected":false},"excerpt":{"rendered":"<p>3 Servi\u00e7os 564 Atendidos\/M\u00eas 29 Funcion\u00e1rios 212.256 Refei\u00e7\u00f5es\/Ano &#8220;Sou muito grata por essa oportunidade. Por tudo que aprendi nesse um ano e meio, onde cresci muito<span class=\"excerpt-hellip\"> [\u2026]<\/span><\/p>\n","protected":false},"author":93,"featured_media":0,"parent":0,"menu_order":0,"comment_status":"closed","ping_status":"closed","template":"elementor_header_footer","meta":{"footnotes":""},"class_list":["post-96","page","type-page","status-publish","hentry"],"_links":{"self":[{"href":"https:\/\/salesianossp.org.br\/oslapa\/wp-json\/wp\/v2\/pages\/96","targetHints":{"allow":["GET"]}}],"collection":[{"href":"https:\/\/salesianossp.org.br\/oslapa\/wp-json\/wp\/v2\/pages"}],"about":[{"href":"https:\/\/salesianossp.org.br\/oslapa\/wp-json\/wp\/v2\/types\/page"}],"author":[{"embeddable":true,"href":"https:\/\/salesianossp.org.br\/oslapa\/wp-json\/wp\/v2\/users\/93"}],"replies":[{"embeddable":true,"href":"https:\/\/salesianossp.org.br\/oslapa\/wp-json\/wp\/v2\/comments?post=96"}],"version-history":[{"count":140,"href":"https:\/\/salesianossp.org.br\/oslapa\/wp-json\/wp\/v2\/pages\/96\/revisions"}],"predecessor-version":[{"id":8732,"href":"https:\/\/salesianossp.org.br\/oslapa\/wp-json\/wp\/v2\/pages\/96\/revisions\/8732"}],"wp:attachment":[{"href":"https:\/\/salesianossp.org.br\/oslapa\/wp-json\/wp\/v2\/media?parent=96"}],"curies":[{"name":"wp","href":"https:\/\/api.w.org\/{rel}","templated":true}]}}