{"version":"1.0","provider_name":"Obra Social S\u00e3o Jo\u00e3o Bosco","provider_url":"https:\/\/salesianossp.org.br\/ossjb","title":"Unidades - Obra Social S\u00e3o Jo\u00e3o Bosco","type":"rich","width":600,"height":338,"html":"<blockquote class=\"wp-embedded-content\" data-secret=\"mUZsr2IXa9\"><a href=\"https:\/\/salesianossp.org.br\/ossjb\/unidades\/\">Unidades<\/a><\/blockquote><iframe sandbox=\"allow-scripts\" security=\"restricted\" src=\"https:\/\/salesianossp.org.br\/ossjb\/unidades\/embed\/#?secret=mUZsr2IXa9\" width=\"600\" height=\"338\" title=\"&#8220;Unidades&#8221; &#8212; Obra Social S\u00e3o Jo\u00e3o Bosco\" data-secret=\"mUZsr2IXa9\" frameborder=\"0\" marginwidth=\"0\" marginheight=\"0\" scrolling=\"no\" class=\"wp-embedded-content\"><\/iframe><script>\n\/*! This file is auto-generated *\/\n!function(d,l){\"use strict\";l.querySelector&&d.addEventListener&&\"undefined\"!=typeof URL&&(d.wp=d.wp||{},d.wp.receiveEmbedMessage||(d.wp.receiveEmbedMessage=function(e){var t=e.data;if((t||t.secret||t.message||t.value)&&!\/[^a-zA-Z0-9]\/.test(t.secret)){for(var s,r,n,a=l.querySelectorAll('iframe[data-secret=\"'+t.secret+'\"]'),o=l.querySelectorAll('blockquote[data-secret=\"'+t.secret+'\"]'),c=new RegExp(\"^https?:$\",\"i\"),i=0;i<o.length;i++)o[i].style.display=\"none\";for(i=0;i<a.length;i++)s=a[i],e.source===s.contentWindow&&(s.removeAttribute(\"style\"),\"height\"===t.message?(1e3<(r=parseInt(t.value,10))?r=1e3:~~r<200&&(r=200),s.height=r):\"link\"===t.message&&(r=new URL(s.getAttribute(\"src\")),n=new URL(t.value),c.test(n.protocol))&&n.host===r.host&&l.activeElement===s&&(d.top.location.href=t.value))}},d.addEventListener(\"message\",d.wp.receiveEmbedMessage,!1),l.addEventListener(\"DOMContentLoaded\",function(){for(var e,t,s=l.querySelectorAll(\"iframe.wp-embedded-content\"),r=0;r<s.length;r++)(t=(e=s[r]).getAttribute(\"data-secret\"))||(t=Math.random().toString(36).substring(2,12),e.src+=\"#?secret=\"+t,e.setAttribute(\"data-secret\",t)),e.contentWindow.postMessage({message:\"ready\",secret:t},\"*\")},!1)))}(window,document);\n\/\/# sourceURL=https:\/\/salesianossp.org.br\/ossjb\/wp-includes\/js\/wp-embed.min.js\n<\/script>\n","description":"Home N\u00facleo S\u00e3o Jo\u00e3o Batista CEI Dom Bosquinho N\u00facleo Nossa Senhora Auxiliadora CEI Pref. Francisco Amaral N\u00facleo Dom Bosco CEI Prof. Darcy Ribeiro N\u00facleo S\u00e3o Jo\u00e3o Batista \u2013 Sede Administrativa Em 24 de junho de 1909, os salesianos inauguraram o pr\u00e9dio na Rua Jos\u00e9 Paulino como Externato S\u00e3o Jo\u00e3o, propondo-se a ajudar jovens meninos moradores [&hellip;]","thumbnail_url":"https:\/\/salesianossp.org.br\/ossjb\/wp-content\/uploads\/2025\/11\/sao-joao-batista1-2.jpg","thumbnail_width":616,"thumbnail_height":592}