{"id":116031,"date":"2025-03-06T16:43:00","date_gmt":"2025-03-06T16:43:00","guid":{"rendered":"https:\/\/salesianossp.org.br\/ossjb\/?page_id=116031"},"modified":"2025-10-22T20:37:35","modified_gmt":"2025-10-22T20:37:35","slug":"perguntas-frequentes","status":"publish","type":"page","link":"https:\/\/salesianossp.org.br\/ossjb\/perguntas-frequentes\/","title":{"rendered":"Perguntas frequentes"},"content":{"rendered":"\t\t<div data-elementor-type=\"wp-page\" data-elementor-id=\"116031\" class=\"elementor elementor-116031\" data-elementor-post-type=\"page\">\n\t\t\t\t<section class=\"elementor-element elementor-element-6ca606e e-con-full e-flex e-con e-parent\" data-id=\"6ca606e\" data-element_type=\"container\" data-e-type=\"container\" data-settings=\"{&quot;background_background&quot;:&quot;classic&quot;}\">\n\t\t<div class=\"elementor-element elementor-element-4c33f52 e-con-full e-flex e-con e-child\" data-id=\"4c33f52\" data-element_type=\"container\" data-e-type=\"container\" data-settings=\"{&quot;background_background&quot;:&quot;classic&quot;}\">\n\t\t\t\t<div class=\"elementor-element elementor-element-8d28588 jet-breadcrumbs-align-center elementor-widget elementor-widget-jet-breadcrumbs\" data-id=\"8d28588\" data-element_type=\"widget\" data-e-type=\"widget\" data-widget_type=\"jet-breadcrumbs.default\">\n\t\t\t\t<div class=\"elementor-widget-container\">\n\t\t\t\t\t<div class=\"elementor-jet-breadcrumbs jet-blocks\">\n\t\t<div class=\"jet-breadcrumbs\">\n\t\t<div class=\"jet-breadcrumbs__content\">\n\t\t<div class=\"jet-breadcrumbs__wrap\"><div class=\"jet-breadcrumbs__item\"><a href=\"https:\/\/salesianossp.org.br\/ossjb\/\" class=\"jet-breadcrumbs__item-link is-home\" rel=\"home\" title=\"Home\">Home<\/a><\/div>\n\t\t<\/div>\n\t\t<\/div>\n\t\t<\/div><\/div>\t\t\t\t<\/div>\n\t\t\t\t<\/div>\n\t\t\t\t<\/div>\n\t\t\t\t<\/section>\n\t\t<section class=\"elementor-element elementor-element-ddb5dad e-flex e-con-boxed e-con e-parent\" data-id=\"ddb5dad\" data-element_type=\"container\" data-e-type=\"container\">\n\t\t\t\t\t<div class=\"e-con-inner\">\n\t\t<header class=\"elementor-element elementor-element-8ecc31f e-con-full e-flex e-con e-child\" data-id=\"8ecc31f\" data-element_type=\"container\" data-e-type=\"container\">\n\t\t\t\t<div class=\"elementor-element elementor-element-3f5f411 elementor-widget elementor-widget-heading\" data-id=\"3f5f411\" data-element_type=\"widget\" data-e-type=\"widget\" data-widget_type=\"heading.default\">\n\t\t\t\t<div class=\"elementor-widget-container\">\n\t\t\t\t\t<h2 class=\"elementor-heading-title elementor-size-default\">Sobre a institui\u00e7\u00e3o<\/h2>\t\t\t\t<\/div>\n\t\t\t\t<\/div>\n\t\t\t\t<\/header>\n\t\t<div class=\"elementor-element elementor-element-e016417 e-con-full e-flex e-con e-child\" data-id=\"e016417\" data-element_type=\"container\" data-e-type=\"container\">\n\t\t\t\t<div class=\"elementor-element elementor-element-ce8b6dc elementor-widget elementor-widget-jet-accordion\" data-id=\"ce8b6dc\" data-element_type=\"widget\" data-e-type=\"widget\" data-widget_type=\"jet-accordion.default\">\n\t\t\t\t<div class=\"elementor-widget-container\">\n\t\t\t\t\t\t\t\t\t<div class=\"jet-accordion\" data-settings=\"{&quot;collapsible&quot;:false,&quot;ajaxTemplate&quot;:true,&quot;switchScrolling&quot;:false,&quot;switchScrollingTablet&quot;:false,&quot;switchScrollingMobile&quot;:false,&quot;switchScrollingOffset&quot;:{&quot;size&quot;:0,&quot;unit&quot;:&quot;px&quot;},&quot;switchScrollingOffsetTablet&quot;:{&quot;size&quot;:0,&quot;unit&quot;:&quot;px&quot;},&quot;switchScrollingOffsetMobile&quot;:{&quot;size&quot;:0,&quot;unit&quot;:&quot;px&quot;},&quot;switchScrollingDelay&quot;:500,&quot;switchScrollingDelayTablet&quot;:500,&quot;switchScrollingDelayMobile&quot;:500}\">\n\t\t\t<div class=\"jet-accordion__inner\">\n\t\t\t\t<div class=\" jet-accordion__item jet-toggle jet-toggle-move-up-effect \">\n\t\t\t\t\t\t\t<div id=\"jet-toggle-control-2161\" class=\"jet-toggle__control elementor-menu-anchor\" data-toggle=\"1\" role=\"button\" tabindex=\"0\" aria-controls=\"jet-toggle-content-2161\" aria-expanded=\"false\" data-template-id=\"false\">\n\t\t\t\t\t\t\t\t<div class=\"jet-toggle__label-icon jet-toggle-icon-position-right\"><span class=\"jet-toggle__icon icon-normal jet-tabs-icon\"><svg class=\"e-font-icon-svg e-fas-chevron-down\" viewBox=\"0 0 448 512\" xmlns=\"http:\/\/www.w3.org\/2000\/svg\"><path d=\"M207.029 381.476L12.686 187.132c-9.373-9.373-9.373-24.569 0-33.941l22.667-22.667c9.357-9.357 24.522-9.375 33.901-.04L224 284.505l154.745-154.021c9.379-9.335 24.544-9.317 33.901.04l22.667 22.667c9.373 9.373 9.373 24.569 0 33.941L240.971 381.476c-9.373 9.372-24.569 9.372-33.942 0z\"><\/path><\/svg><\/span><span class=\"jet-toggle__icon icon-active jet-tabs-icon\"><svg class=\"e-font-icon-svg e-fas-chevron-up\" viewBox=\"0 0 448 512\" xmlns=\"http:\/\/www.w3.org\/2000\/svg\"><path d=\"M240.971 130.524l194.343 194.343c9.373 9.373 9.373 24.569 0 33.941l-22.667 22.667c-9.357 9.357-24.522 9.375-33.901.04L224 227.495 69.255 381.516c-9.379 9.335-24.544 9.317-33.901-.04l-22.667-22.667c-9.373-9.373-9.373-24.569 0-33.941L207.03 130.525c9.372-9.373 24.568-9.373 33.941-.001z\"><\/path><\/svg><\/span><\/div><div class=\"jet-toggle__label-text\">O atendimento da Obra Social S\u00e3o Jo\u00e3o Bosco \u00e9 Gratuito?<\/div>\t\t\t\t\t\t\t<\/div>\n\t\t\t\t\t\t\t<div id=\"jet-toggle-content-2161\" class=\"jet-toggle__content\" data-toggle=\"1\" role=\"region\" data-template-id=\"false\">\n\t\t\t\t\t\t\t\t<div class=\"jet-toggle__content-inner\"><p>Todo atendimento prestado pela Obra Social S\u00e3o Jo\u00e3o Bosco \u00e9 realizado de forma gratuita, n\u00e3o sendo exigida nenhuma forma de mensalidade ou contribui\u00e7\u00e3o financeira para ser benefici\u00e1rio da Institui\u00e7\u00e3o.<\/p><\/div>\n\t\t\t\t\t\t\t<\/div>\n\t\t\t\t\t\t<\/div><div class=\" jet-accordion__item jet-toggle jet-toggle-move-up-effect \">\n\t\t\t\t\t\t\t<div id=\"jet-toggle-control-2162\" class=\"jet-toggle__control elementor-menu-anchor\" data-toggle=\"2\" role=\"button\" tabindex=\"0\" aria-controls=\"jet-toggle-content-2162\" aria-expanded=\"false\" data-template-id=\"false\">\n\t\t\t\t\t\t\t\t<div class=\"jet-toggle__label-icon jet-toggle-icon-position-right\"><span class=\"jet-toggle__icon icon-normal jet-tabs-icon\"><svg class=\"e-font-icon-svg e-fas-chevron-down\" viewBox=\"0 0 448 512\" xmlns=\"http:\/\/www.w3.org\/2000\/svg\"><path d=\"M207.029 381.476L12.686 187.132c-9.373-9.373-9.373-24.569 0-33.941l22.667-22.667c9.357-9.357 24.522-9.375 33.901-.04L224 284.505l154.745-154.021c9.379-9.335 24.544-9.317 33.901.04l22.667 22.667c9.373 9.373 9.373 24.569 0 33.941L240.971 381.476c-9.373 9.372-24.569 9.372-33.942 0z\"><\/path><\/svg><\/span><span class=\"jet-toggle__icon icon-active jet-tabs-icon\"><svg class=\"e-font-icon-svg e-fas-chevron-up\" viewBox=\"0 0 448 512\" xmlns=\"http:\/\/www.w3.org\/2000\/svg\"><path d=\"M240.971 130.524l194.343 194.343c9.373 9.373 9.373 24.569 0 33.941l-22.667 22.667c-9.357 9.357-24.522 9.375-33.901.04L224 227.495 69.255 381.516c-9.379 9.335-24.544 9.317-33.901-.04l-22.667-22.667c-9.373-9.373-9.373-24.569 0-33.941L207.03 130.525c9.372-9.373 24.568-9.373 33.941-.001z\"><\/path><\/svg><\/span><\/div><div class=\"jet-toggle__label-text\">Quem pode ser atendido e quais os servi\u00e7os oferecidos?<\/div>\t\t\t\t\t\t\t<\/div>\n\t\t\t\t\t\t\t<div id=\"jet-toggle-content-2162\" class=\"jet-toggle__content\" data-toggle=\"2\" role=\"region\" data-template-id=\"false\">\n\t\t\t\t\t\t\t\t<div class=\"jet-toggle__content-inner\"><p>Podem ser atendidos pela\u00a0<b>Obra Social S\u00e3o Jo\u00e3o Bosco\u00a0<\/b>crian\u00e7as, adolescentes, jovens e adultos residentes em Campinas, atrav\u00e9s de um dos seguintes servi\u00e7os:<\/p><h5><b>Servi\u00e7o de Conviv\u00eancia e Fortalecimento de V\u00ednculos<\/b><\/h5><p>\u2013 Para Crian\u00e7as e Adolescentes de 06 a 14 anos. Servi\u00e7o desenvolvido nas Unidades localizadas no Centro, Vida Nova e Vila Taubat\u00e9.<\/p><h5><b>Centro de Conviv\u00eancia Inclusivo e Intergeracional<\/b><\/h5><p>\u2013 Para adolescentes, jovens e adultos, a partir de 15 anos de idade. Servi\u00e7o desenvolvido nas Unidades localizadas no Centro e Vida Nova.<\/p><h5><b>Educa\u00e7\u00e3o Infantil<\/b><\/h5><p>\u2013 Para Crian\u00e7as de 0 a 5 anos e 11 meses. Servi\u00e7o desenvolvido nas Unidades localizadas no Centro*, Vida Nova e Vila Taubat\u00e9.<br \/>*Na Unidade do Centro, o atendimento \u00e9 para crian\u00e7as de 3 a 5 anos e 11 meses.<\/p><\/div>\n\t\t\t\t\t\t\t<\/div>\n\t\t\t\t\t\t<\/div><div class=\" jet-accordion__item jet-toggle jet-toggle-move-up-effect \">\n\t\t\t\t\t\t\t<div id=\"jet-toggle-control-2163\" class=\"jet-toggle__control elementor-menu-anchor\" data-toggle=\"3\" role=\"button\" tabindex=\"0\" aria-controls=\"jet-toggle-content-2163\" aria-expanded=\"false\" data-template-id=\"false\">\n\t\t\t\t\t\t\t\t<div class=\"jet-toggle__label-icon jet-toggle-icon-position-right\"><span class=\"jet-toggle__icon icon-normal jet-tabs-icon\"><svg class=\"e-font-icon-svg e-fas-plus\" viewBox=\"0 0 448 512\" xmlns=\"http:\/\/www.w3.org\/2000\/svg\"><path d=\"M416 208H272V64c0-17.67-14.33-32-32-32h-32c-17.67 0-32 14.33-32 32v144H32c-17.67 0-32 14.33-32 32v32c0 17.67 14.33 32 32 32h144v144c0 17.67 14.33 32 32 32h32c17.67 0 32-14.33 32-32V304h144c17.67 0 32-14.33 32-32v-32c0-17.67-14.33-32-32-32z\"><\/path><\/svg><\/span><span class=\"jet-toggle__icon icon-active jet-tabs-icon\"><svg class=\"e-font-icon-svg e-fas-minus\" viewBox=\"0 0 448 512\" xmlns=\"http:\/\/www.w3.org\/2000\/svg\"><path d=\"M416 208H32c-17.67 0-32 14.33-32 32v32c0 17.67 14.33 32 32 32h384c17.67 0 32-14.33 32-32v-32c0-17.67-14.33-32-32-32z\"><\/path><\/svg><\/span><\/div><div class=\"jet-toggle__label-text\">Onde est\u00e1 localizada a Obra Social S\u00e3o Jo\u00e3o Bosco?<\/div>\t\t\t\t\t\t\t<\/div>\n\t\t\t\t\t\t\t<div id=\"jet-toggle-content-2163\" class=\"jet-toggle__content\" data-toggle=\"3\" role=\"region\" data-template-id=\"false\">\n\t\t\t\t\t\t\t\t<div class=\"jet-toggle__content-inner\"><p>A Obra Social S\u00e3o Jo\u00e3o Bosco est\u00e1 localizada no Munic\u00edpio de Campinas e possui seis unidades de atendimento, em tr\u00eas macrorregi\u00f5es da cidade: Leste, Sudoeste e Sul.<\/p><h4><b>N\u00daCLEO I \u2013 CENTRO \u2013 REGI\u00c3O LESTE<\/b><\/h4><p><b>N\u00facleo S\u00e3o Jo\u00e3o Batista<\/b><br \/>Atende crian\u00e7as, adolescentes, jovens e adultos a partir dos 06 anos de idade, provenientes de todas as Regi\u00f5es de Campinas.<br \/>Sede da Obra Social S\u00e3o Jo\u00e3o Bosco<br \/>Rua Jos\u00e9 Paulino, 479 \u2013 Centro<br \/>Campinas\/SP \u2013 CEP: 13013-000<br \/>Fone: (19) 3733-1040 \/ (19) 99645-1434<br \/>E-mail:\u00a0nucleocentro@ossjb.org.br<\/p><p><b>Centro Educacional Infantil Dombosquinho<\/b><br \/>Atende crian\u00e7as de 03 a 05 anos e 11 meses de todas as Regi\u00f5es de Campinas.<br \/>Rua Jos\u00e9 Paulino, 479 \u2013 Centro<br \/>Campinas\/SP \u2013 CEP: 13013-000<br \/>Fone: (19) 3733-1047 \/ (19) 99645-1434<br \/>E-mail:\u00a0dombosquinho@ossjb.org.br<\/p><h4><b>N\u00daCLEO II \u2013 VIDA NOVA \u2013 REGI\u00c3O SUDOESTE<\/b><\/h4><p><b>N\u00facleo Dom Bosco<\/b><br \/>Atende crian\u00e7as, adolescentes, jovens e adultos a partir dos 06 anos de idade, moradores deste territ\u00f3rio.<br \/>Rua Daniel de God\u00f3i Pereira, 42 \u2013 Bairro: Conjunto Habitacional Vida Nova II<br \/>Campinas\/SP \u2013 CEP: 13057-541<br \/>Fone: (19) 3226.0620 \/ (19) 99645-2727<br \/>E-mail:\u00a0nucleovn@ossjb.org.br<\/p><p><b>CEI Professor Darcy Ribeiro<\/b><br \/>Atende crian\u00e7as de 0 a 5 anos e 11 meses moradoras deste territ\u00f3rio.<br \/>Rua Cez\u00e1rio Jos\u00e9 Gebara S\/N \u2013 Bairro: Conjunto Habitacional Vida Nova II<br \/>Campinas\/SP \u2013 CEP: 13057-545<br \/>Telefone: (19) 3266-7798<br \/>E-mail:\u00a0cei.darcyribeiro@ossjb.org.br<\/p><h4><b>N\u00daCLEO III \u2013 VILA TAUBAT\u00c9 \u2013 REGI\u00c3O SUL<\/b><\/h4><p><b>N\u00facleo Nossa Senhora Auxiliadora<\/b><br \/>Atende crian\u00e7as de 0 a 5 anos e 11 meses moradoras deste territ\u00f3rio.<br \/>Rua Mauro Fialho Garcia, 75 \u2013 Vila Taubat\u00e9 (Gleba B)<br \/>Campinas\/SP \u2013 CEP: 13051-000<br \/>Fone: (19) 3229-6574 \/ (19) 99653-3095<br \/>E-mail:\u00a0nucleooziel@ossjb.org.br<\/p><p><b>CEI Prefeito Francisco Amaral<\/b><br \/>Atende crian\u00e7as e adolescentes, de 06 a 14 anos, moradores deste territ\u00f3rio.<br \/>Rua Jo\u00e3o Canaes S\/N\u00ba \u2013 Vila Taubat\u00e9 ( Gleba B)<br \/>Campinas\/SP \u2013 CEP: 13049-040 \/ 13051-042<br \/>Telefone: (19) 4141-1066<br \/>E-mail:\u00a0cei.franciscoamaral@ossjb.org.br<\/p><\/div>\n\t\t\t\t\t\t\t<\/div>\n\t\t\t\t\t\t<\/div><div class=\" jet-accordion__item jet-toggle jet-toggle-move-up-effect \">\n\t\t\t\t\t\t\t<div id=\"jet-toggle-control-2164\" class=\"jet-toggle__control elementor-menu-anchor\" data-toggle=\"4\" role=\"button\" tabindex=\"0\" aria-controls=\"jet-toggle-content-2164\" aria-expanded=\"false\" data-template-id=\"false\">\n\t\t\t\t\t\t\t\t<div class=\"jet-toggle__label-icon jet-toggle-icon-position-right\"><span class=\"jet-toggle__icon icon-normal jet-tabs-icon\"><svg class=\"e-font-icon-svg e-fas-plus\" viewBox=\"0 0 448 512\" xmlns=\"http:\/\/www.w3.org\/2000\/svg\"><path d=\"M416 208H272V64c0-17.67-14.33-32-32-32h-32c-17.67 0-32 14.33-32 32v144H32c-17.67 0-32 14.33-32 32v32c0 17.67 14.33 32 32 32h144v144c0 17.67 14.33 32 32 32h32c17.67 0 32-14.33 32-32V304h144c17.67 0 32-14.33 32-32v-32c0-17.67-14.33-32-32-32z\"><\/path><\/svg><\/span><span class=\"jet-toggle__icon icon-active jet-tabs-icon\"><svg class=\"e-font-icon-svg e-fas-minus\" viewBox=\"0 0 448 512\" xmlns=\"http:\/\/www.w3.org\/2000\/svg\"><path d=\"M416 208H32c-17.67 0-32 14.33-32 32v32c0 17.67 14.33 32 32 32h384c17.67 0 32-14.33 32-32v-32c0-17.67-14.33-32-32-32z\"><\/path><\/svg><\/span><\/div><div class=\"jet-toggle__label-text\">Qual o hor\u00e1rio de funcionamento da Institui\u00e7\u00e3o?<\/div>\t\t\t\t\t\t\t<\/div>\n\t\t\t\t\t\t\t<div id=\"jet-toggle-content-2164\" class=\"jet-toggle__content\" data-toggle=\"4\" role=\"region\" data-template-id=\"false\">\n\t\t\t\t\t\t\t\t<div class=\"jet-toggle__content-inner\"><div><b>a. Servi\u00e7o de Conviv\u00eancia e Fortalecimento de V\u00ednculos de 06 a 14 anos:<\/b><\/div><div>De segunda a sexta-feira, das 07h45 \u00e0s 17h00.<\/div><div>\u00a0<\/div><div><b>b. Centro de Conviv\u00eancia Inclusivo e Intergeracional Centro:<\/b><\/div><div>De segunda a sexta-feira, das 07h45 \u00e0s 17h00.<\/div><div>\u00a0<\/div><div><b>c. Centro de Conviv\u00eancia Inclusivo e Intergeracional Vida Nova:<\/b><\/div><div>De segunda a sexta-feira das 13h45 \u00e0s 20h00.<\/div><div>\u00a0<\/div><div><b>d. Educa\u00e7\u00e3o Infantil:<\/b><\/div><div>De segunda a sexta-feira, das 07h00 \u00e0s 18h00.<\/div><\/div>\n\t\t\t\t\t\t\t<\/div>\n\t\t\t\t\t\t<\/div><div class=\" jet-accordion__item jet-toggle jet-toggle-move-up-effect \">\n\t\t\t\t\t\t\t<div id=\"jet-toggle-control-2165\" class=\"jet-toggle__control elementor-menu-anchor\" data-toggle=\"5\" role=\"button\" tabindex=\"0\" aria-controls=\"jet-toggle-content-2165\" aria-expanded=\"false\" data-template-id=\"false\">\n\t\t\t\t\t\t\t\t<div class=\"jet-toggle__label-icon jet-toggle-icon-position-right\"><span class=\"jet-toggle__icon icon-normal jet-tabs-icon\"><svg class=\"e-font-icon-svg e-fas-plus\" viewBox=\"0 0 448 512\" xmlns=\"http:\/\/www.w3.org\/2000\/svg\"><path d=\"M416 208H272V64c0-17.67-14.33-32-32-32h-32c-17.67 0-32 14.33-32 32v144H32c-17.67 0-32 14.33-32 32v32c0 17.67 14.33 32 32 32h144v144c0 17.67 14.33 32 32 32h32c17.67 0 32-14.33 32-32V304h144c17.67 0 32-14.33 32-32v-32c0-17.67-14.33-32-32-32z\"><\/path><\/svg><\/span><span class=\"jet-toggle__icon icon-active jet-tabs-icon\"><svg class=\"e-font-icon-svg e-fas-minus\" viewBox=\"0 0 448 512\" xmlns=\"http:\/\/www.w3.org\/2000\/svg\"><path d=\"M416 208H32c-17.67 0-32 14.33-32 32v32c0 17.67 14.33 32 32 32h384c17.67 0 32-14.33 32-32v-32c0-17.67-14.33-32-32-32z\"><\/path><\/svg><\/span><\/div><div class=\"jet-toggle__label-text\">A Obra Social S\u00e3o Jo\u00e3o Bosco est\u00e1 inscrita em algum \u00f3rg\u00e3o de prote\u00e7\u00e3o a crian\u00e7as e adolescentes ou outro que estabele\u00e7a normas e fiscalize a presta\u00e7\u00e3o de servi\u00e7os sociais?<\/div>\t\t\t\t\t\t\t<\/div>\n\t\t\t\t\t\t\t<div id=\"jet-toggle-content-2165\" class=\"jet-toggle__content\" data-toggle=\"5\" role=\"region\" data-template-id=\"false\">\n\t\t\t\t\t\t\t\t<div class=\"jet-toggle__content-inner\"><p>Sim. A Obra Social S\u00e3o Jo\u00e3o Bosco est\u00e1 inscrita no Conselho Municipal dos Direitos da Crian\u00e7a e do Adolescente (CMDCA) e no Conselho Municipal de Assist\u00eancia Social (CMAS).<\/p><\/div>\n\t\t\t\t\t\t\t<\/div>\n\t\t\t\t\t\t<\/div><div class=\" jet-accordion__item jet-toggle jet-toggle-move-up-effect \">\n\t\t\t\t\t\t\t<div id=\"jet-toggle-control-2166\" class=\"jet-toggle__control elementor-menu-anchor\" data-toggle=\"6\" role=\"button\" tabindex=\"0\" aria-controls=\"jet-toggle-content-2166\" aria-expanded=\"false\" data-template-id=\"false\">\n\t\t\t\t\t\t\t\t<div class=\"jet-toggle__label-icon jet-toggle-icon-position-right\"><span class=\"jet-toggle__icon icon-normal jet-tabs-icon\"><svg class=\"e-font-icon-svg e-fas-plus\" viewBox=\"0 0 448 512\" xmlns=\"http:\/\/www.w3.org\/2000\/svg\"><path d=\"M416 208H272V64c0-17.67-14.33-32-32-32h-32c-17.67 0-32 14.33-32 32v144H32c-17.67 0-32 14.33-32 32v32c0 17.67 14.33 32 32 32h144v144c0 17.67 14.33 32 32 32h32c17.67 0 32-14.33 32-32V304h144c17.67 0 32-14.33 32-32v-32c0-17.67-14.33-32-32-32z\"><\/path><\/svg><\/span><span class=\"jet-toggle__icon icon-active jet-tabs-icon\"><svg class=\"e-font-icon-svg e-fas-minus\" viewBox=\"0 0 448 512\" xmlns=\"http:\/\/www.w3.org\/2000\/svg\"><path d=\"M416 208H32c-17.67 0-32 14.33-32 32v32c0 17.67 14.33 32 32 32h384c17.67 0 32-14.33 32-32v-32c0-17.67-14.33-32-32-32z\"><\/path><\/svg><\/span><\/div><div class=\"jet-toggle__label-text\">A Obra Social S\u00e3o Jo\u00e3o Bosco fornece cestas b\u00e1sicas ou outros benef\u00edcios?<\/div>\t\t\t\t\t\t\t<\/div>\n\t\t\t\t\t\t\t<div id=\"jet-toggle-content-2166\" class=\"jet-toggle__content\" data-toggle=\"6\" role=\"region\" data-template-id=\"false\">\n\t\t\t\t\t\t\t\t<div class=\"jet-toggle__content-inner\"><p>A Obra Social S\u00e3o Jo\u00e3o Bosco n\u00e3o fornece diretamente cestas b\u00e1sicas ou quaisquer benef\u00edcios socioassistenciais. No caso de se identificarem fam\u00edlias em situa\u00e7\u00e3o de vulnerabilidade social que necessitem deste tipo de apoio, a Institui\u00e7\u00e3o far\u00e1 encaminhamentos para os \u00f3rg\u00e3os p\u00fablicos respons\u00e1veis por atender estas demandas.<\/p><\/div>\n\t\t\t\t\t\t\t<\/div>\n\t\t\t\t\t\t<\/div><div class=\" jet-accordion__item jet-toggle jet-toggle-move-up-effect \">\n\t\t\t\t\t\t\t<div id=\"jet-toggle-control-2167\" class=\"jet-toggle__control elementor-menu-anchor\" data-toggle=\"7\" role=\"button\" tabindex=\"0\" aria-controls=\"jet-toggle-content-2167\" aria-expanded=\"false\" data-template-id=\"false\">\n\t\t\t\t\t\t\t\t<div class=\"jet-toggle__label-icon jet-toggle-icon-position-right\"><span class=\"jet-toggle__icon icon-normal jet-tabs-icon\"><svg class=\"e-font-icon-svg e-fas-plus\" viewBox=\"0 0 448 512\" xmlns=\"http:\/\/www.w3.org\/2000\/svg\"><path d=\"M416 208H272V64c0-17.67-14.33-32-32-32h-32c-17.67 0-32 14.33-32 32v144H32c-17.67 0-32 14.33-32 32v32c0 17.67 14.33 32 32 32h144v144c0 17.67 14.33 32 32 32h32c17.67 0 32-14.33 32-32V304h144c17.67 0 32-14.33 32-32v-32c0-17.67-14.33-32-32-32z\"><\/path><\/svg><\/span><span class=\"jet-toggle__icon icon-active jet-tabs-icon\"><svg class=\"e-font-icon-svg e-fas-minus\" viewBox=\"0 0 448 512\" xmlns=\"http:\/\/www.w3.org\/2000\/svg\"><path d=\"M416 208H32c-17.67 0-32 14.33-32 32v32c0 17.67 14.33 32 32 32h384c17.67 0 32-14.33 32-32v-32c0-17.67-14.33-32-32-32z\"><\/path><\/svg><\/span><\/div><div class=\"jet-toggle__label-text\">A Obra Social S\u00e3o Jo\u00e3o Bosco concede bolsas de estudos para os col\u00e9gios Salesianos?<\/div>\t\t\t\t\t\t\t<\/div>\n\t\t\t\t\t\t\t<div id=\"jet-toggle-content-2167\" class=\"jet-toggle__content\" data-toggle=\"7\" role=\"region\" data-template-id=\"false\">\n\t\t\t\t\t\t\t\t<div class=\"jet-toggle__content-inner\"><div class=\"elementor-accordion-item\"><div id=\"elementor-tab-content-1737\" class=\"elementor-tab-content elementor-clearfix elementor-active\" role=\"region\" data-tab=\"7\" aria-labelledby=\"elementor-tab-title-1737\"><p>N\u00e3o. A Obra Social S\u00e3o Jo\u00e3o Bosco n\u00e3o realiza processos seletivos ou concess\u00f5es de bolsas de estudo para nenhum col\u00e9gio Salesiano.<\/p><\/div><\/div><\/div>\n\t\t\t\t\t\t\t<\/div>\n\t\t\t\t\t\t<\/div><div class=\" jet-accordion__item jet-toggle jet-toggle-move-up-effect \">\n\t\t\t\t\t\t\t<div id=\"jet-toggle-control-2168\" class=\"jet-toggle__control elementor-menu-anchor\" data-toggle=\"8\" role=\"button\" tabindex=\"0\" aria-controls=\"jet-toggle-content-2168\" aria-expanded=\"false\" data-template-id=\"false\">\n\t\t\t\t\t\t\t\t<div class=\"jet-toggle__label-icon jet-toggle-icon-position-right\"><span class=\"jet-toggle__icon icon-normal jet-tabs-icon\"><svg class=\"e-font-icon-svg e-fas-plus\" viewBox=\"0 0 448 512\" xmlns=\"http:\/\/www.w3.org\/2000\/svg\"><path d=\"M416 208H272V64c0-17.67-14.33-32-32-32h-32c-17.67 0-32 14.33-32 32v144H32c-17.67 0-32 14.33-32 32v32c0 17.67 14.33 32 32 32h144v144c0 17.67 14.33 32 32 32h32c17.67 0 32-14.33 32-32V304h144c17.67 0 32-14.33 32-32v-32c0-17.67-14.33-32-32-32z\"><\/path><\/svg><\/span><span class=\"jet-toggle__icon icon-active jet-tabs-icon\"><svg class=\"e-font-icon-svg e-fas-minus\" viewBox=\"0 0 448 512\" xmlns=\"http:\/\/www.w3.org\/2000\/svg\"><path d=\"M416 208H32c-17.67 0-32 14.33-32 32v32c0 17.67 14.33 32 32 32h384c17.67 0 32-14.33 32-32v-32c0-17.67-14.33-32-32-32z\"><\/path><\/svg><\/span><\/div><div class=\"jet-toggle__label-text\">Quero ser volunt\u00e1rio da Institui\u00e7\u00e3o, o que devo fazer?<\/div>\t\t\t\t\t\t\t<\/div>\n\t\t\t\t\t\t\t<div id=\"jet-toggle-content-2168\" class=\"jet-toggle__content\" data-toggle=\"8\" role=\"region\" data-template-id=\"false\">\n\t\t\t\t\t\t\t\t<div class=\"jet-toggle__content-inner\"><p>Se voc\u00ea conheceu nosso trabalho e deseja ser volunt\u00e1rio, entre em contato conosco atrav\u00e9s do e-mail:\u00a0<a href=\"mailto:redesalesiana@salesianossp.org.br\">redesalesiana@ossjb.org.br<\/a>\u00a0ou pelo telefone:\u00a0<strong>(19) 3733-1040<\/strong>.<\/p><\/div>\n\t\t\t\t\t\t\t<\/div>\n\t\t\t\t\t\t<\/div><div class=\" jet-accordion__item jet-toggle jet-toggle-move-up-effect \">\n\t\t\t\t\t\t\t<div id=\"jet-toggle-control-2169\" class=\"jet-toggle__control elementor-menu-anchor\" data-toggle=\"9\" role=\"button\" tabindex=\"0\" aria-controls=\"jet-toggle-content-2169\" aria-expanded=\"false\" data-template-id=\"false\">\n\t\t\t\t\t\t\t\t<div class=\"jet-toggle__label-icon jet-toggle-icon-position-right\"><span class=\"jet-toggle__icon icon-normal jet-tabs-icon\"><svg class=\"e-font-icon-svg e-fas-plus\" viewBox=\"0 0 448 512\" xmlns=\"http:\/\/www.w3.org\/2000\/svg\"><path d=\"M416 208H272V64c0-17.67-14.33-32-32-32h-32c-17.67 0-32 14.33-32 32v144H32c-17.67 0-32 14.33-32 32v32c0 17.67 14.33 32 32 32h144v144c0 17.67 14.33 32 32 32h32c17.67 0 32-14.33 32-32V304h144c17.67 0 32-14.33 32-32v-32c0-17.67-14.33-32-32-32z\"><\/path><\/svg><\/span><span class=\"jet-toggle__icon icon-active jet-tabs-icon\"><svg class=\"e-font-icon-svg e-fas-minus\" viewBox=\"0 0 448 512\" xmlns=\"http:\/\/www.w3.org\/2000\/svg\"><path d=\"M416 208H32c-17.67 0-32 14.33-32 32v32c0 17.67 14.33 32 32 32h384c17.67 0 32-14.33 32-32v-32c0-17.67-14.33-32-32-32z\"><\/path><\/svg><\/span><\/div><div class=\"jet-toggle__label-text\">Quero fazer doa\u00e7\u00f5es para a Obra Social S\u00e3o Jo\u00e3o Bosco. Como posso ajudar?<\/div>\t\t\t\t\t\t\t<\/div>\n\t\t\t\t\t\t\t<div id=\"jet-toggle-content-2169\" class=\"jet-toggle__content\" data-toggle=\"9\" role=\"region\" data-template-id=\"false\">\n\t\t\t\t\t\t\t\t<div class=\"jet-toggle__content-inner\"><p>A Obra Social S\u00e3o Jo\u00e3o Bosco recebe doa\u00e7\u00f5es de diversas naturezas: dinheiro, alimentos, roupas, al\u00e9m de mobili\u00e1rio e equipamentos eletr\u00f4nicos em bom estado de conserva\u00e7\u00e3o.<\/p><p>Para\u00a0<strong>doa\u00e7\u00f5es em dinheiro<\/strong>, utilize o CNPJ da Institui\u00e7\u00e3o:\u00a0<strong>46.046.389\/0001-07<\/strong>\u00a0e doe para uma das contas banc\u00e1rias a seguir:<br \/><strong>Banco do Brasil:<\/strong>\u00a0Ag\u00eancia 2913-0 \u2013 Conta Corrente \u2013 15.881-X<br \/><strong>Banco Ita\u00fa:<\/strong>\u00a0Ag\u00eancia 0009 \u2013 Conta Corrente \u2013 03377-0<br \/><strong>Banco Bradesco:<\/strong>\u00a0Ag\u00eancia 0046-9 \u2013 Conta Corrente 375.066-3<\/p><p><strong>PIX:\u00a0<\/strong>pix.dombosco+brasil@gmail.com<\/p><p>Para outros tipos de doa\u00e7\u00e3o, entre em contato com a Institui\u00e7\u00e3o atrav\u00e9s do e-mail:\u00a0<a href=\"mailto:comunicacao@salesianossp.org.br\"><strong>comunicacao@ossjb.org.br<\/strong><\/a>\u00a0ou pelo telefone\u00a0<strong>(19) 3733-1040.<\/strong><\/p><\/div>\n\t\t\t\t\t\t\t<\/div>\n\t\t\t\t\t\t<\/div><div class=\" jet-accordion__item jet-toggle jet-toggle-move-up-effect \">\n\t\t\t\t\t\t\t<div id=\"jet-toggle-control-21610\" class=\"jet-toggle__control elementor-menu-anchor\" data-toggle=\"10\" role=\"button\" tabindex=\"0\" aria-controls=\"jet-toggle-content-21610\" aria-expanded=\"false\" data-template-id=\"false\">\n\t\t\t\t\t\t\t\t<div class=\"jet-toggle__label-icon jet-toggle-icon-position-right\"><span class=\"jet-toggle__icon icon-normal jet-tabs-icon\"><svg class=\"e-font-icon-svg e-fas-plus\" viewBox=\"0 0 448 512\" xmlns=\"http:\/\/www.w3.org\/2000\/svg\"><path d=\"M416 208H272V64c0-17.67-14.33-32-32-32h-32c-17.67 0-32 14.33-32 32v144H32c-17.67 0-32 14.33-32 32v32c0 17.67 14.33 32 32 32h144v144c0 17.67 14.33 32 32 32h32c17.67 0 32-14.33 32-32V304h144c17.67 0 32-14.33 32-32v-32c0-17.67-14.33-32-32-32z\"><\/path><\/svg><\/span><span class=\"jet-toggle__icon icon-active jet-tabs-icon\"><svg class=\"e-font-icon-svg e-fas-minus\" viewBox=\"0 0 448 512\" xmlns=\"http:\/\/www.w3.org\/2000\/svg\"><path d=\"M416 208H32c-17.67 0-32 14.33-32 32v32c0 17.67 14.33 32 32 32h384c17.67 0 32-14.33 32-32v-32c0-17.67-14.33-32-32-32z\"><\/path><\/svg><\/span><\/div><div class=\"jet-toggle__label-text\">A partir de que idade posso matricular meu filho nas unidades de educa\u00e7\u00e3o infantil?<\/div>\t\t\t\t\t\t\t<\/div>\n\t\t\t\t\t\t\t<div id=\"jet-toggle-content-21610\" class=\"jet-toggle__content\" data-toggle=\"10\" role=\"region\" data-template-id=\"false\">\n\t\t\t\t\t\t\t\t<div class=\"jet-toggle__content-inner\"><p>Podem ser matriculadas crian\u00e7as de 0 a 5 anos e 11 meses. Os cadastros s\u00e3o digitalmente realizados e organizados por meio do Sistema Integre (Sistema Informatizado da Secretaria Municipal de Educa\u00e7\u00e3o). Os cadastros devem ser realizados em um dos centros de educa\u00e7\u00e3o infantil da Rede Municipal, pelos pais ou respons\u00e1veis, indicando uma unidade de prefer\u00eancia. Os documentos necess\u00e1rios para realizar o cadastramento s\u00e3o a certid\u00e3o de nascimento ou RG de um dos respons\u00e1veis; comprovante de guarda ou de tutela, comprovante de endere\u00e7o residencial.<\/p><p><strong>Para Matr\u00edculas no ano de 2021, deve-se observar as seguintes faixas et\u00e1rias:<\/strong><\/p><ul><li><strong>Agrupamento I: crian\u00e7as nascidas entre 01\/07\/2019 a 31\/12\/2021;<\/strong><\/li><li><strong>Agrupamento II: crian\u00e7as nascidas entre 01\/11\/2017 a 30\/06\/2019;<\/strong><\/li><li><strong>Agrupamento III: crian\u00e7as nascidas entre 01\/04\/2015 a 31\/10\/2017.<\/strong><\/li><\/ul><p>A matr\u00edcula \u00e9 cont\u00ednua ao longo do ano, e a chamada para efetiv\u00e1-la obedecer\u00e1, para os Agrupamentos I e II, \u00e0 ordem das listas \u00fanicas vigentes por Agrupamento e Unidade Educacional e, para o Agrupamento III, \u00e0 rela\u00e7\u00e3o nominal, resultante da aplica\u00e7\u00e3o do processo de Compatibilidade Geogr\u00e1fica.<br \/>No ato da matr\u00edcula, o demandante de vaga dever\u00e1 apresentar a carteira de vacina\u00e7\u00e3o atualizada, RG da m\u00e3e ou respons\u00e1vel, certid\u00e3o de nascimento e comprovante de endere\u00e7o.<br \/><strong>*\u00c9 importante ter em conta que o CEI Dombosquinho (Centro) s\u00f3 atende crian\u00e7as a partir de 03 anos de idade.<\/strong><\/p><\/div>\n\t\t\t\t\t\t\t<\/div>\n\t\t\t\t\t\t<\/div>\t\t\t<\/div>\n\t\t<\/div>\n\t\t\t\t\t\t<\/div>\n\t\t\t\t<\/div>\n\t\t\t\t<\/div>\n\t\t\t\t\t<\/div>\n\t\t\t\t<\/section>\n\t\t<section class=\"elementor-element elementor-element-7457a2f e-flex e-con-boxed e-con e-parent\" data-id=\"7457a2f\" data-element_type=\"container\" data-e-type=\"container\">\n\t\t\t\t\t<div class=\"e-con-inner\">\n\t\t<header class=\"elementor-element elementor-element-6161560 e-con-full e-flex e-con e-child\" data-id=\"6161560\" data-element_type=\"container\" data-e-type=\"container\">\n\t\t\t\t<div class=\"elementor-element elementor-element-6c9bdde elementor-widget elementor-widget-heading\" data-id=\"6c9bdde\" data-element_type=\"widget\" data-e-type=\"widget\" data-widget_type=\"heading.default\">\n\t\t\t\t<div class=\"elementor-widget-container\">\n\t\t\t\t\t<h2 class=\"elementor-heading-title elementor-size-default\">Sobre Transpar\u00eancia<\/h2>\t\t\t\t<\/div>\n\t\t\t\t<\/div>\n\t\t\t\t<\/header>\n\t\t<div class=\"elementor-element elementor-element-09e5a13 e-con-full e-flex e-con e-child\" data-id=\"09e5a13\" data-element_type=\"container\" data-e-type=\"container\">\n\t\t\t\t<div class=\"elementor-element elementor-element-76fe1e8 elementor-widget elementor-widget-jet-accordion\" data-id=\"76fe1e8\" data-element_type=\"widget\" data-e-type=\"widget\" data-widget_type=\"jet-accordion.default\">\n\t\t\t\t<div class=\"elementor-widget-container\">\n\t\t\t\t\t\t\t\t\t<div class=\"jet-accordion\" data-settings=\"{&quot;collapsible&quot;:false,&quot;ajaxTemplate&quot;:true,&quot;switchScrolling&quot;:false,&quot;switchScrollingTablet&quot;:false,&quot;switchScrollingMobile&quot;:false,&quot;switchScrollingOffset&quot;:{&quot;size&quot;:0,&quot;unit&quot;:&quot;px&quot;},&quot;switchScrollingOffsetTablet&quot;:{&quot;size&quot;:0,&quot;unit&quot;:&quot;px&quot;},&quot;switchScrollingOffsetMobile&quot;:{&quot;size&quot;:0,&quot;unit&quot;:&quot;px&quot;},&quot;switchScrollingDelay&quot;:500,&quot;switchScrollingDelayTablet&quot;:500,&quot;switchScrollingDelayMobile&quot;:500}\">\n\t\t\t<div class=\"jet-accordion__inner\">\n\t\t\t\t<div class=\" jet-accordion__item jet-toggle jet-toggle-move-up-effect \">\n\t\t\t\t\t\t\t<div id=\"jet-toggle-control-1241\" class=\"jet-toggle__control elementor-menu-anchor\" data-toggle=\"1\" role=\"button\" tabindex=\"0\" aria-controls=\"jet-toggle-content-1241\" aria-expanded=\"false\" data-template-id=\"false\">\n\t\t\t\t\t\t\t\t<div class=\"jet-toggle__label-icon jet-toggle-icon-position-right\"><span class=\"jet-toggle__icon icon-normal jet-tabs-icon\"><svg class=\"e-font-icon-svg e-fas-chevron-down\" viewBox=\"0 0 448 512\" xmlns=\"http:\/\/www.w3.org\/2000\/svg\"><path d=\"M207.029 381.476L12.686 187.132c-9.373-9.373-9.373-24.569 0-33.941l22.667-22.667c9.357-9.357 24.522-9.375 33.901-.04L224 284.505l154.745-154.021c9.379-9.335 24.544-9.317 33.901.04l22.667 22.667c9.373 9.373 9.373 24.569 0 33.941L240.971 381.476c-9.373 9.372-24.569 9.372-33.942 0z\"><\/path><\/svg><\/span><span class=\"jet-toggle__icon icon-active jet-tabs-icon\"><svg class=\"e-font-icon-svg e-fas-chevron-up\" viewBox=\"0 0 448 512\" xmlns=\"http:\/\/www.w3.org\/2000\/svg\"><path d=\"M240.971 130.524l194.343 194.343c9.373 9.373 9.373 24.569 0 33.941l-22.667 22.667c-9.357 9.357-24.522 9.375-33.901.04L224 227.495 69.255 381.516c-9.379 9.335-24.544 9.317-33.901-.04l-22.667-22.667c-9.373-9.373-9.373-24.569 0-33.941L207.03 130.525c9.372-9.373 24.568-9.373 33.941-.001z\"><\/path><\/svg><\/span><\/div><div class=\"jet-toggle__label-text\">O que \u00e9 o Tribunal de Contas do Estado de S\u00e3o Paulo?<\/div>\t\t\t\t\t\t\t<\/div>\n\t\t\t\t\t\t\t<div id=\"jet-toggle-content-1241\" class=\"jet-toggle__content\" data-toggle=\"1\" role=\"region\" data-template-id=\"false\">\n\t\t\t\t\t\t\t\t<div class=\"jet-toggle__content-inner\"><p>O Tribunal de Contas do Estado de S\u00e3o Paulo \u00e9 o guardi\u00e3o da sociedade que orienta e fiscaliza o cumprimento das leis aplic\u00e1veis aos seus jurisdicionados estaduais e municipais. Ao Tribunal de Contas do Estado de S\u00e3o Paulo compete atuar na fiscaliza\u00e7\u00e3o cont\u00e1bil, financeira, or\u00e7ament\u00e1ria, operacional e patrimonial do Estado de S\u00e3o Paulo e de seus Munic\u00edpios, exceto o da Capital, bem como na das respectivas entidades de administra\u00e7\u00e3o direta ou indireta e na das funda\u00e7\u00f5es por eles institu\u00eddas ou mantidas, quanto \u00e0 legalidade, legitimidade, economicidade, aplica\u00e7\u00e3o de subven\u00e7\u00f5es e ren\u00fancia de receitas.<\/p><\/div>\n\t\t\t\t\t\t\t<\/div>\n\t\t\t\t\t\t<\/div><div class=\" jet-accordion__item jet-toggle jet-toggle-move-up-effect \">\n\t\t\t\t\t\t\t<div id=\"jet-toggle-control-1242\" class=\"jet-toggle__control elementor-menu-anchor\" data-toggle=\"2\" role=\"button\" tabindex=\"0\" aria-controls=\"jet-toggle-content-1242\" aria-expanded=\"false\" data-template-id=\"false\">\n\t\t\t\t\t\t\t\t<div class=\"jet-toggle__label-icon jet-toggle-icon-position-right\"><span class=\"jet-toggle__icon icon-normal jet-tabs-icon\"><svg class=\"e-font-icon-svg e-fas-plus\" viewBox=\"0 0 448 512\" xmlns=\"http:\/\/www.w3.org\/2000\/svg\"><path d=\"M416 208H272V64c0-17.67-14.33-32-32-32h-32c-17.67 0-32 14.33-32 32v144H32c-17.67 0-32 14.33-32 32v32c0 17.67 14.33 32 32 32h144v144c0 17.67 14.33 32 32 32h32c17.67 0 32-14.33 32-32V304h144c17.67 0 32-14.33 32-32v-32c0-17.67-14.33-32-32-32z\"><\/path><\/svg><\/span><span class=\"jet-toggle__icon icon-active jet-tabs-icon\"><svg class=\"e-font-icon-svg e-fas-minus\" viewBox=\"0 0 448 512\" xmlns=\"http:\/\/www.w3.org\/2000\/svg\"><path d=\"M416 208H32c-17.67 0-32 14.33-32 32v32c0 17.67 14.33 32 32 32h384c17.67 0 32-14.33 32-32v-32c0-17.67-14.33-32-32-32z\"><\/path><\/svg><\/span><\/div><div class=\"jet-toggle__label-text\">Que informa\u00e7\u00f5es da Institui\u00e7\u00e3o de transpar\u00eancia eu posso encontrar no site?<\/div>\t\t\t\t\t\t\t<\/div>\n\t\t\t\t\t\t\t<div id=\"jet-toggle-content-1242\" class=\"jet-toggle__content\" data-toggle=\"2\" role=\"region\" data-template-id=\"false\">\n\t\t\t\t\t\t\t\t<div class=\"jet-toggle__content-inner\"><p>Em conformidade com o Comunicado SDG. n\u00ba 016\/2018, do Tribunal de Conta do Estado de S\u00e3o Paulo, poder\u00e3o ser encontradas no site da Institui\u00e7\u00e3o informa\u00e7\u00f5es sobre suas atividades e resultados, estatuto social atualizado, termos de ajustes, planos de trabalho, rela\u00e7\u00e3o nominal dos dirigentes, valores repassados, lista de prestadores de servi\u00e7os (pessoas f\u00edsicas e jur\u00eddicas) e os respectivos valores pagos, remunera\u00e7\u00e3o individualizada dos dirigentes e empregados com os respectivos nomes, cargos ou fun\u00e7\u00f5es, balan\u00e7os e demonstra\u00e7\u00f5es cont\u00e1beis e os relat\u00f3rios f\u00edsico-financeiros de acompanhamentos, regulamento de compras e de contrata\u00e7\u00e3o de pessoal.<\/p><\/div>\n\t\t\t\t\t\t\t<\/div>\n\t\t\t\t\t\t<\/div><div class=\" jet-accordion__item jet-toggle jet-toggle-move-up-effect \">\n\t\t\t\t\t\t\t<div id=\"jet-toggle-control-1243\" class=\"jet-toggle__control elementor-menu-anchor\" data-toggle=\"3\" role=\"button\" tabindex=\"0\" aria-controls=\"jet-toggle-content-1243\" aria-expanded=\"false\" data-template-id=\"false\">\n\t\t\t\t\t\t\t\t<div class=\"jet-toggle__label-icon jet-toggle-icon-position-right\"><span class=\"jet-toggle__icon icon-normal jet-tabs-icon\"><svg class=\"e-font-icon-svg e-fas-plus\" viewBox=\"0 0 448 512\" xmlns=\"http:\/\/www.w3.org\/2000\/svg\"><path d=\"M416 208H272V64c0-17.67-14.33-32-32-32h-32c-17.67 0-32 14.33-32 32v144H32c-17.67 0-32 14.33-32 32v32c0 17.67 14.33 32 32 32h144v144c0 17.67 14.33 32 32 32h32c17.67 0 32-14.33 32-32V304h144c17.67 0 32-14.33 32-32v-32c0-17.67-14.33-32-32-32z\"><\/path><\/svg><\/span><span class=\"jet-toggle__icon icon-active jet-tabs-icon\"><svg class=\"e-font-icon-svg e-fas-minus\" viewBox=\"0 0 448 512\" xmlns=\"http:\/\/www.w3.org\/2000\/svg\"><path d=\"M416 208H32c-17.67 0-32 14.33-32 32v32c0 17.67 14.33 32 32 32h384c17.67 0 32-14.33 32-32v-32c0-17.67-14.33-32-32-32z\"><\/path><\/svg><\/span><\/div><div class=\"jet-toggle__label-text\">N\u00e3o encontrei a informa\u00e7\u00e3o que eu buscava no portal de transpar\u00eancia. Como devo proceder?<\/div>\t\t\t\t\t\t\t<\/div>\n\t\t\t\t\t\t\t<div id=\"jet-toggle-content-1243\" class=\"jet-toggle__content\" data-toggle=\"3\" role=\"region\" data-template-id=\"false\">\n\t\t\t\t\t\t\t\t<div class=\"jet-toggle__content-inner\"><p>Se voc\u00ea n\u00e3o encontrou a informa\u00e7\u00e3o que procurava referente \u00e0 parcela dos recursos p\u00fablicos recebidos e \u00e0 sua destina\u00e7\u00e3o, pedimos a gentileza de entrar em contato atrav\u00e9s do e-mail\u00a0ossjb@salesianossp.org.br\u00a0e indicar qual informa\u00e7\u00e3o ou documento est\u00e1 buscando. O acesso \u00e0 informa\u00e7\u00e3o solicitada ser\u00e1 concedido em at\u00e9 20 dias, desde que n\u00e3o se trate de informa\u00e7\u00f5es parcial ou totalmente sigilosas, nos termos da Lei<\/p><\/div>\n\t\t\t\t\t\t\t<\/div>\n\t\t\t\t\t\t<\/div><div class=\" jet-accordion__item jet-toggle jet-toggle-move-up-effect \">\n\t\t\t\t\t\t\t<div id=\"jet-toggle-control-1244\" class=\"jet-toggle__control elementor-menu-anchor\" data-toggle=\"4\" role=\"button\" tabindex=\"0\" aria-controls=\"jet-toggle-content-1244\" aria-expanded=\"false\" data-template-id=\"false\">\n\t\t\t\t\t\t\t\t<div class=\"jet-toggle__label-icon jet-toggle-icon-position-right\"><span class=\"jet-toggle__icon icon-normal jet-tabs-icon\"><svg class=\"e-font-icon-svg e-fas-plus\" viewBox=\"0 0 448 512\" xmlns=\"http:\/\/www.w3.org\/2000\/svg\"><path d=\"M416 208H272V64c0-17.67-14.33-32-32-32h-32c-17.67 0-32 14.33-32 32v144H32c-17.67 0-32 14.33-32 32v32c0 17.67 14.33 32 32 32h144v144c0 17.67 14.33 32 32 32h32c17.67 0 32-14.33 32-32V304h144c17.67 0 32-14.33 32-32v-32c0-17.67-14.33-32-32-32z\"><\/path><\/svg><\/span><span class=\"jet-toggle__icon icon-active jet-tabs-icon\"><svg class=\"e-font-icon-svg e-fas-minus\" viewBox=\"0 0 448 512\" xmlns=\"http:\/\/www.w3.org\/2000\/svg\"><path d=\"M416 208H32c-17.67 0-32 14.33-32 32v32c0 17.67 14.33 32 32 32h384c17.67 0 32-14.33 32-32v-32c0-17.67-14.33-32-32-32z\"><\/path><\/svg><\/span><\/div><div class=\"jet-toggle__label-text\">\u00c9 preciso realizar algum cadastro ou possuir senha para acessar as informa\u00e7\u00f5es?<\/div>\t\t\t\t\t\t\t<\/div>\n\t\t\t\t\t\t\t<div id=\"jet-toggle-content-1244\" class=\"jet-toggle__content\" data-toggle=\"4\" role=\"region\" data-template-id=\"false\">\n\t\t\t\t\t\t\t\t<div class=\"jet-toggle__content-inner\"><p>N\u00e3o. Para acessar as informa\u00e7\u00f5es sobre os recursos p\u00fablicos recebidos para a execu\u00e7\u00e3o de servi\u00e7os educacionais e socioassistenciais, basta acessar no site a \u00e1rea intitulada \u201cTranspar\u00eancia\u201d. L\u00e1 voc\u00ea encontrar\u00e1 os Contratos de Gest\u00e3o ou Termos de Colabora\u00e7\u00e3o referentes \u00e0s parcerias p\u00fablico-privadas e poder\u00e1 acessar o ano de refer\u00eancia a respeito do qual deseja obter informa\u00e7\u00e3o.<\/p><\/div>\n\t\t\t\t\t\t\t<\/div>\n\t\t\t\t\t\t<\/div><div class=\" jet-accordion__item jet-toggle jet-toggle-move-up-effect \">\n\t\t\t\t\t\t\t<div id=\"jet-toggle-control-1245\" class=\"jet-toggle__control elementor-menu-anchor\" data-toggle=\"5\" role=\"button\" tabindex=\"0\" aria-controls=\"jet-toggle-content-1245\" aria-expanded=\"false\" data-template-id=\"false\">\n\t\t\t\t\t\t\t\t<div class=\"jet-toggle__label-icon jet-toggle-icon-position-right\"><span class=\"jet-toggle__icon icon-normal jet-tabs-icon\"><svg class=\"e-font-icon-svg e-fas-plus\" viewBox=\"0 0 448 512\" xmlns=\"http:\/\/www.w3.org\/2000\/svg\"><path d=\"M416 208H272V64c0-17.67-14.33-32-32-32h-32c-17.67 0-32 14.33-32 32v144H32c-17.67 0-32 14.33-32 32v32c0 17.67 14.33 32 32 32h144v144c0 17.67 14.33 32 32 32h32c17.67 0 32-14.33 32-32V304h144c17.67 0 32-14.33 32-32v-32c0-17.67-14.33-32-32-32z\"><\/path><\/svg><\/span><span class=\"jet-toggle__icon icon-active jet-tabs-icon\"><svg class=\"e-font-icon-svg e-fas-minus\" viewBox=\"0 0 448 512\" xmlns=\"http:\/\/www.w3.org\/2000\/svg\"><path d=\"M416 208H32c-17.67 0-32 14.33-32 32v32c0 17.67 14.33 32 32 32h384c17.67 0 32-14.33 32-32v-32c0-17.67-14.33-32-32-32z\"><\/path><\/svg><\/span><\/div><div class=\"jet-toggle__label-text\">Eu posso baixar os arquivos do portal de transpar\u00eancia?<\/div>\t\t\t\t\t\t\t<\/div>\n\t\t\t\t\t\t\t<div id=\"jet-toggle-content-1245\" class=\"jet-toggle__content\" data-toggle=\"5\" role=\"region\" data-template-id=\"false\">\n\t\t\t\t\t\t\t\t<div class=\"jet-toggle__content-inner\"><p>Sim. Todos os arquivos podem ser baixados para seu computador ou dispositivo em formato PDF.<\/p><\/div>\n\t\t\t\t\t\t\t<\/div>\n\t\t\t\t\t\t<\/div><div class=\" jet-accordion__item jet-toggle jet-toggle-move-up-effect \">\n\t\t\t\t\t\t\t<div id=\"jet-toggle-control-1246\" class=\"jet-toggle__control elementor-menu-anchor\" data-toggle=\"6\" role=\"button\" tabindex=\"0\" aria-controls=\"jet-toggle-content-1246\" aria-expanded=\"false\" data-template-id=\"false\">\n\t\t\t\t\t\t\t\t<div class=\"jet-toggle__label-icon jet-toggle-icon-position-right\"><span class=\"jet-toggle__icon icon-normal jet-tabs-icon\"><svg class=\"e-font-icon-svg e-fas-plus\" viewBox=\"0 0 448 512\" xmlns=\"http:\/\/www.w3.org\/2000\/svg\"><path d=\"M416 208H272V64c0-17.67-14.33-32-32-32h-32c-17.67 0-32 14.33-32 32v144H32c-17.67 0-32 14.33-32 32v32c0 17.67 14.33 32 32 32h144v144c0 17.67 14.33 32 32 32h32c17.67 0 32-14.33 32-32V304h144c17.67 0 32-14.33 32-32v-32c0-17.67-14.33-32-32-32z\"><\/path><\/svg><\/span><span class=\"jet-toggle__icon icon-active jet-tabs-icon\"><svg class=\"e-font-icon-svg e-fas-minus\" viewBox=\"0 0 448 512\" xmlns=\"http:\/\/www.w3.org\/2000\/svg\"><path d=\"M416 208H32c-17.67 0-32 14.33-32 32v32c0 17.67 14.33 32 32 32h384c17.67 0 32-14.33 32-32v-32c0-17.67-14.33-32-32-32z\"><\/path><\/svg><\/span><\/div><div class=\"jet-toggle__label-text\">Com quais \u00f3rg\u00e3os p\u00fablicos a Obra Social S\u00e3o Jo\u00e3o Bosco possui contratos de gest\u00e3o, termos de conv\u00eanio e parcerias?<\/div>\t\t\t\t\t\t\t<\/div>\n\t\t\t\t\t\t\t<div id=\"jet-toggle-content-1246\" class=\"jet-toggle__content\" data-toggle=\"6\" role=\"region\" data-template-id=\"false\">\n\t\t\t\t\t\t\t\t<div class=\"jet-toggle__content-inner\"><p>A Obra Social S\u00e3o Jo\u00e3o Bosco possui Contratos de Gest\u00e3o e Termos de Colabora\u00e7\u00e3o com a Prefeitura Municipal de Campinas, atrav\u00e9s da Secretaria Municipal de Educa\u00e7\u00e3o e Secretaria Municipal de Assist\u00eancia Social, Pessoa com Defici\u00eancia e Direitos Humanos.<\/p><\/div>\n\t\t\t\t\t\t\t<\/div>\n\t\t\t\t\t\t<\/div><div class=\" jet-accordion__item jet-toggle jet-toggle-move-up-effect \">\n\t\t\t\t\t\t\t<div id=\"jet-toggle-control-1247\" class=\"jet-toggle__control elementor-menu-anchor\" data-toggle=\"7\" role=\"button\" tabindex=\"0\" aria-controls=\"jet-toggle-content-1247\" aria-expanded=\"false\" data-template-id=\"false\">\n\t\t\t\t\t\t\t\t<div class=\"jet-toggle__label-icon jet-toggle-icon-position-right\"><span class=\"jet-toggle__icon icon-normal jet-tabs-icon\"><svg class=\"e-font-icon-svg e-fas-plus\" viewBox=\"0 0 448 512\" xmlns=\"http:\/\/www.w3.org\/2000\/svg\"><path d=\"M416 208H272V64c0-17.67-14.33-32-32-32h-32c-17.67 0-32 14.33-32 32v144H32c-17.67 0-32 14.33-32 32v32c0 17.67 14.33 32 32 32h144v144c0 17.67 14.33 32 32 32h32c17.67 0 32-14.33 32-32V304h144c17.67 0 32-14.33 32-32v-32c0-17.67-14.33-32-32-32z\"><\/path><\/svg><\/span><span class=\"jet-toggle__icon icon-active jet-tabs-icon\"><svg class=\"e-font-icon-svg e-fas-minus\" viewBox=\"0 0 448 512\" xmlns=\"http:\/\/www.w3.org\/2000\/svg\"><path d=\"M416 208H32c-17.67 0-32 14.33-32 32v32c0 17.67 14.33 32 32 32h384c17.67 0 32-14.33 32-32v-32c0-17.67-14.33-32-32-32z\"><\/path><\/svg><\/span><\/div><div class=\"jet-toggle__label-text\">A Obra Social S\u00e3o Jo\u00e3o Bosco possui um servi\u00e7o de Ouvidoria?<\/div>\t\t\t\t\t\t\t<\/div>\n\t\t\t\t\t\t\t<div id=\"jet-toggle-content-1247\" class=\"jet-toggle__content\" data-toggle=\"7\" role=\"region\" data-template-id=\"false\">\n\t\t\t\t\t\t\t\t<div class=\"jet-toggle__content-inner\"><p>Sim. A Obra Social S\u00e3o Jo\u00e3o Bosco possui duas formas de acessar o servi\u00e7o de Ouvidoria. Caso voc\u00ea tenha reivindica\u00e7\u00f5es, den\u00fancias, sugest\u00f5es e tamb\u00e9m elogios pode enviar para nosso canal atrav\u00e9s do e-mail:\u00a0<a href=\"mailto:ouvidoria@salesianossp.org.br\">ouvidoria@salesianossp.org.br<\/a>\u00a0ou do formul\u00e1rio dispon\u00edvel na aba \u201cOuvidoria\u201d do s\u00edtio eletr\u00f4nico da Institui\u00e7\u00e3o.<\/p><\/div>\n\t\t\t\t\t\t\t<\/div>\n\t\t\t\t\t\t<\/div>\t\t\t<\/div>\n\t\t<\/div>\n\t\t\t\t\t\t<\/div>\n\t\t\t\t<\/div>\n\t\t\t\t<\/div>\n\t\t\t\t\t<\/div>\n\t\t\t\t<\/section>\n\t\t\t\t<\/div>\n\t\t","protected":false},"excerpt":{"rendered":"<p>Home Sobre a institui\u00e7\u00e3o O atendimento da Obra Social S\u00e3o Jo\u00e3o Bosco \u00e9 Gratuito? Todo atendimento prestado pela Obra Social S\u00e3o Jo\u00e3o Bosco \u00e9 realizado de forma gratuita, n\u00e3o sendo exigida nenhuma forma de mensalidade ou contribui\u00e7\u00e3o financeira para ser benefici\u00e1rio da Institui\u00e7\u00e3o. Quem pode ser atendido e quais os servi\u00e7os oferecidos? Podem ser atendidos [&hellip;]<\/p>\n","protected":false},"author":4,"featured_media":0,"parent":0,"menu_order":0,"comment_status":"closed","ping_status":"closed","template":"","meta":{"footnotes":""},"class_list":["post-116031","page","type-page","status-publish","hentry"],"yoast_head":"<!-- This site is optimized with the Yoast SEO plugin v27.4 - https:\/\/yoast.com\/product\/yoast-seo-wordpress\/ -->\n<title>Perguntas frequentes - Obra Social S\u00e3o Jo\u00e3o Bosco<\/title>\n<meta name=\"robots\" content=\"index, follow, max-snippet:-1, max-image-preview:large, max-video-preview:-1\" \/>\n<link rel=\"canonical\" href=\"https:\/\/salesianossp.org.br\/ossjb\/perguntas-frequentes\/\" \/>\n<meta property=\"og:locale\" content=\"pt_BR\" \/>\n<meta property=\"og:type\" content=\"article\" \/>\n<meta property=\"og:title\" content=\"Perguntas frequentes - Obra Social S\u00e3o Jo\u00e3o Bosco\" \/>\n<meta property=\"og:description\" content=\"Home Sobre a institui\u00e7\u00e3o O atendimento da Obra Social S\u00e3o Jo\u00e3o Bosco \u00e9 Gratuito? Todo atendimento prestado pela Obra Social S\u00e3o Jo\u00e3o Bosco \u00e9 realizado de forma gratuita, n\u00e3o sendo exigida nenhuma forma de mensalidade ou contribui\u00e7\u00e3o financeira para ser benefici\u00e1rio da Institui\u00e7\u00e3o. Quem pode ser atendido e quais os servi\u00e7os oferecidos? Podem ser atendidos [&hellip;]\" \/>\n<meta property=\"og:url\" content=\"https:\/\/salesianossp.org.br\/ossjb\/perguntas-frequentes\/\" \/>\n<meta property=\"og:site_name\" content=\"Obra Social S\u00e3o Jo\u00e3o Bosco\" \/>\n<meta property=\"article:publisher\" content=\"https:\/\/www.facebook.com\/OSSJBCampinas\/\" \/>\n<meta property=\"article:modified_time\" content=\"2025-10-22T20:37:35+00:00\" \/>\n<meta name=\"twitter:card\" content=\"summary_large_image\" \/>\n<meta name=\"twitter:label1\" content=\"Est. tempo de leitura\" \/>\n\t<meta name=\"twitter:data1\" content=\"9 minutos\" \/>\n<script type=\"application\/ld+json\" class=\"yoast-schema-graph\">{\"@context\":\"https:\\\/\\\/schema.org\",\"@graph\":[{\"@type\":\"WebPage\",\"@id\":\"https:\\\/\\\/salesianossp.org.br\\\/ossjb\\\/perguntas-frequentes\\\/\",\"url\":\"https:\\\/\\\/salesianossp.org.br\\\/ossjb\\\/perguntas-frequentes\\\/\",\"name\":\"Perguntas frequentes - Obra Social S\u00e3o Jo\u00e3o Bosco\",\"isPartOf\":{\"@id\":\"https:\\\/\\\/salesianossp.org.br\\\/ossjb\\\/#website\"},\"datePublished\":\"2025-03-06T16:43:00+00:00\",\"dateModified\":\"2025-10-22T20:37:35+00:00\",\"breadcrumb\":{\"@id\":\"https:\\\/\\\/salesianossp.org.br\\\/ossjb\\\/perguntas-frequentes\\\/#breadcrumb\"},\"inLanguage\":\"pt-BR\",\"potentialAction\":[{\"@type\":\"ReadAction\",\"target\":[\"https:\\\/\\\/salesianossp.org.br\\\/ossjb\\\/perguntas-frequentes\\\/\"]}]},{\"@type\":\"BreadcrumbList\",\"@id\":\"https:\\\/\\\/salesianossp.org.br\\\/ossjb\\\/perguntas-frequentes\\\/#breadcrumb\",\"itemListElement\":[{\"@type\":\"ListItem\",\"position\":1,\"name\":\"In\u00edcio\",\"item\":\"https:\\\/\\\/salesianossp.org.br\\\/ossjb\\\/\"},{\"@type\":\"ListItem\",\"position\":2,\"name\":\"Perguntas frequentes\"}]},{\"@type\":\"WebSite\",\"@id\":\"https:\\\/\\\/salesianossp.org.br\\\/ossjb\\\/#website\",\"url\":\"https:\\\/\\\/salesianossp.org.br\\\/ossjb\\\/\",\"name\":\"Obra Social S\u00e3o Jo\u00e3o Bosco\",\"description\":\"\",\"publisher\":{\"@id\":\"https:\\\/\\\/salesianossp.org.br\\\/ossjb\\\/#organization\"},\"potentialAction\":[{\"@type\":\"SearchAction\",\"target\":{\"@type\":\"EntryPoint\",\"urlTemplate\":\"https:\\\/\\\/salesianossp.org.br\\\/ossjb\\\/?s={search_term_string}\"},\"query-input\":{\"@type\":\"PropertyValueSpecification\",\"valueRequired\":true,\"valueName\":\"search_term_string\"}}],\"inLanguage\":\"pt-BR\"},{\"@type\":\"Organization\",\"@id\":\"https:\\\/\\\/salesianossp.org.br\\\/ossjb\\\/#organization\",\"name\":\"Obra Social S\u00e3o Jo\u00e3o Bosco\",\"url\":\"https:\\\/\\\/salesianossp.org.br\\\/ossjb\\\/\",\"logo\":{\"@type\":\"ImageObject\",\"inLanguage\":\"pt-BR\",\"@id\":\"https:\\\/\\\/salesianossp.org.br\\\/ossjb\\\/#\\\/schema\\\/logo\\\/image\\\/\",\"url\":\"https:\\\/\\\/salesianossp.org.br\\\/ossjb\\\/wp-content\\\/uploads\\\/2025\\\/10\\\/logotipo-obra-social-sao-joao-bosco-color-56.svg\",\"contentUrl\":\"https:\\\/\\\/salesianossp.org.br\\\/ossjb\\\/wp-content\\\/uploads\\\/2025\\\/10\\\/logotipo-obra-social-sao-joao-bosco-color-56.svg\",\"width\":185,\"height\":56,\"caption\":\"Obra Social S\u00e3o Jo\u00e3o Bosco\"},\"image\":{\"@id\":\"https:\\\/\\\/salesianossp.org.br\\\/ossjb\\\/#\\\/schema\\\/logo\\\/image\\\/\"},\"sameAs\":[\"https:\\\/\\\/www.facebook.com\\\/OSSJBCampinas\\\/\",\"https:\\\/\\\/www.instagram.com\\\/ossjbcampinas\\\/\",\"https:\\\/\\\/www.youtube.com\\\/channel\\\/UClNa7qdZCtP9uzs5b0nG2LQ\\\/featured\"]}]}<\/script>\n<!-- \/ Yoast SEO plugin. -->","yoast_head_json":{"title":"Perguntas frequentes - Obra Social S\u00e3o Jo\u00e3o Bosco","robots":{"index":"index","follow":"follow","max-snippet":"max-snippet:-1","max-image-preview":"max-image-preview:large","max-video-preview":"max-video-preview:-1"},"canonical":"https:\/\/salesianossp.org.br\/ossjb\/perguntas-frequentes\/","og_locale":"pt_BR","og_type":"article","og_title":"Perguntas frequentes - Obra Social S\u00e3o Jo\u00e3o Bosco","og_description":"Home Sobre a institui\u00e7\u00e3o O atendimento da Obra Social S\u00e3o Jo\u00e3o Bosco \u00e9 Gratuito? Todo atendimento prestado pela Obra Social S\u00e3o Jo\u00e3o Bosco \u00e9 realizado de forma gratuita, n\u00e3o sendo exigida nenhuma forma de mensalidade ou contribui\u00e7\u00e3o financeira para ser benefici\u00e1rio da Institui\u00e7\u00e3o. Quem pode ser atendido e quais os servi\u00e7os oferecidos? Podem ser atendidos [&hellip;]","og_url":"https:\/\/salesianossp.org.br\/ossjb\/perguntas-frequentes\/","og_site_name":"Obra Social S\u00e3o Jo\u00e3o Bosco","article_publisher":"https:\/\/www.facebook.com\/OSSJBCampinas\/","article_modified_time":"2025-10-22T20:37:35+00:00","twitter_card":"summary_large_image","twitter_misc":{"Est. tempo de leitura":"9 minutos"},"schema":{"@context":"https:\/\/schema.org","@graph":[{"@type":"WebPage","@id":"https:\/\/salesianossp.org.br\/ossjb\/perguntas-frequentes\/","url":"https:\/\/salesianossp.org.br\/ossjb\/perguntas-frequentes\/","name":"Perguntas frequentes - Obra Social S\u00e3o Jo\u00e3o Bosco","isPartOf":{"@id":"https:\/\/salesianossp.org.br\/ossjb\/#website"},"datePublished":"2025-03-06T16:43:00+00:00","dateModified":"2025-10-22T20:37:35+00:00","breadcrumb":{"@id":"https:\/\/salesianossp.org.br\/ossjb\/perguntas-frequentes\/#breadcrumb"},"inLanguage":"pt-BR","potentialAction":[{"@type":"ReadAction","target":["https:\/\/salesianossp.org.br\/ossjb\/perguntas-frequentes\/"]}]},{"@type":"BreadcrumbList","@id":"https:\/\/salesianossp.org.br\/ossjb\/perguntas-frequentes\/#breadcrumb","itemListElement":[{"@type":"ListItem","position":1,"name":"In\u00edcio","item":"https:\/\/salesianossp.org.br\/ossjb\/"},{"@type":"ListItem","position":2,"name":"Perguntas frequentes"}]},{"@type":"WebSite","@id":"https:\/\/salesianossp.org.br\/ossjb\/#website","url":"https:\/\/salesianossp.org.br\/ossjb\/","name":"Obra Social S\u00e3o Jo\u00e3o Bosco","description":"","publisher":{"@id":"https:\/\/salesianossp.org.br\/ossjb\/#organization"},"potentialAction":[{"@type":"SearchAction","target":{"@type":"EntryPoint","urlTemplate":"https:\/\/salesianossp.org.br\/ossjb\/?s={search_term_string}"},"query-input":{"@type":"PropertyValueSpecification","valueRequired":true,"valueName":"search_term_string"}}],"inLanguage":"pt-BR"},{"@type":"Organization","@id":"https:\/\/salesianossp.org.br\/ossjb\/#organization","name":"Obra Social S\u00e3o Jo\u00e3o Bosco","url":"https:\/\/salesianossp.org.br\/ossjb\/","logo":{"@type":"ImageObject","inLanguage":"pt-BR","@id":"https:\/\/salesianossp.org.br\/ossjb\/#\/schema\/logo\/image\/","url":"https:\/\/salesianossp.org.br\/ossjb\/wp-content\/uploads\/2025\/10\/logotipo-obra-social-sao-joao-bosco-color-56.svg","contentUrl":"https:\/\/salesianossp.org.br\/ossjb\/wp-content\/uploads\/2025\/10\/logotipo-obra-social-sao-joao-bosco-color-56.svg","width":185,"height":56,"caption":"Obra Social S\u00e3o Jo\u00e3o Bosco"},"image":{"@id":"https:\/\/salesianossp.org.br\/ossjb\/#\/schema\/logo\/image\/"},"sameAs":["https:\/\/www.facebook.com\/OSSJBCampinas\/","https:\/\/www.instagram.com\/ossjbcampinas\/","https:\/\/www.youtube.com\/channel\/UClNa7qdZCtP9uzs5b0nG2LQ\/featured"]}]}},"_links":{"self":[{"href":"https:\/\/salesianossp.org.br\/ossjb\/wp-json\/wp\/v2\/pages\/116031","targetHints":{"allow":["GET"]}}],"collection":[{"href":"https:\/\/salesianossp.org.br\/ossjb\/wp-json\/wp\/v2\/pages"}],"about":[{"href":"https:\/\/salesianossp.org.br\/ossjb\/wp-json\/wp\/v2\/types\/page"}],"author":[{"embeddable":true,"href":"https:\/\/salesianossp.org.br\/ossjb\/wp-json\/wp\/v2\/users\/4"}],"replies":[{"embeddable":true,"href":"https:\/\/salesianossp.org.br\/ossjb\/wp-json\/wp\/v2\/comments?post=116031"}],"version-history":[{"count":88,"href":"https:\/\/salesianossp.org.br\/ossjb\/wp-json\/wp\/v2\/pages\/116031\/revisions"}],"predecessor-version":[{"id":117355,"href":"https:\/\/salesianossp.org.br\/ossjb\/wp-json\/wp\/v2\/pages\/116031\/revisions\/117355"}],"wp:attachment":[{"href":"https:\/\/salesianossp.org.br\/ossjb\/wp-json\/wp\/v2\/media?parent=116031"}],"curies":[{"name":"wp","href":"https:\/\/api.w.org\/{rel}","templated":true}]}}