{"id":188,"date":"2020-05-17T23:07:30","date_gmt":"2020-05-17T23:07:30","guid":{"rendered":"https:\/\/salesianossp.org.br\/parstsp\/?page_id=188"},"modified":"2021-06-17T15:13:05","modified_gmt":"2021-06-17T18:13:05","slug":"nossahistoria","status":"publish","type":"page","link":"https:\/\/salesianossp.org.br\/parstsp\/nossahistoria\/","title":{"rendered":"Nossa Hist\u00f3ria"},"content":{"rendered":"\t\t<div data-elementor-type=\"wp-page\" data-elementor-id=\"188\" class=\"elementor elementor-188\" data-elementor-post-type=\"page\">\n\t\t\t\t\t\t<section class=\"elementor-section elementor-top-section elementor-element elementor-element-2ce125a elementor-section-boxed elementor-section-height-default elementor-section-height-default\" data-id=\"2ce125a\" data-element_type=\"section\" data-e-type=\"section\">\n\t\t\t\t\t\t<div class=\"elementor-container elementor-column-gap-default\">\n\t\t\t\t\t<div class=\"elementor-column elementor-col-100 elementor-top-column elementor-element elementor-element-ee38e71\" data-id=\"ee38e71\" data-element_type=\"column\" data-e-type=\"column\">\n\t\t\t<div class=\"elementor-widget-wrap elementor-element-populated\">\n\t\t\t\t\t\t<div class=\"elementor-element elementor-element-002e220 elementor-widget elementor-widget-heading\" data-id=\"002e220\" data-element_type=\"widget\" data-e-type=\"widget\" data-widget_type=\"heading.default\">\n\t\t\t\t<div class=\"elementor-widget-container\">\n\t\t\t\t\t<h2 class=\"elementor-heading-title elementor-size-default\">Nossa Hist\u00f3ria<\/h2>\t\t\t\t<\/div>\n\t\t\t\t<\/div>\n\t\t\t\t\t<\/div>\n\t\t<\/div>\n\t\t\t\t\t<\/div>\n\t\t<\/section>\n\t\t\t\t<section class=\"elementor-section elementor-top-section elementor-element elementor-element-638e2f4 elementor-section-boxed elementor-section-height-default elementor-section-height-default\" data-id=\"638e2f4\" data-element_type=\"section\" data-e-type=\"section\">\n\t\t\t\t\t\t<div class=\"elementor-container elementor-column-gap-default\">\n\t\t\t\t\t<div class=\"elementor-column elementor-col-100 elementor-top-column elementor-element elementor-element-614db5d\" data-id=\"614db5d\" data-element_type=\"column\" data-e-type=\"column\">\n\t\t\t<div class=\"elementor-widget-wrap elementor-element-populated\">\n\t\t\t\t\t\t<div class=\"elementor-element elementor-element-1f3efaf elementor-widget elementor-widget-text-editor\" data-id=\"1f3efaf\" data-element_type=\"widget\" data-e-type=\"widget\" data-widget_type=\"text-editor.default\">\n\t\t\t\t<div class=\"elementor-widget-container\">\n\t\t\t\t\t\t\t\t\t<p>\u00a0<\/p><p><span style=\"font-weight: 400;\">Por volta de 1918, os Salesianos, adquiriram uma ch\u00e1cara no Alto de Santana, bairro do Chora Menino, onde constru\u00edram, em primeiro lugar, um campo de futebol e um galp\u00e3o para os alunos do Liceu passearem e brincarem, num ambiente de ar puro, pois muitos deles estavam convalescendo da Grande Gripe, que assolou o mundo depois da Primeira Guerra Mundial (1914-1918).<\/span><\/p><p>\u00a0<\/p><p><span style=\"font-weight: 400;\">A chamada Igreja Votiva de Santa Teresinha come\u00e7ou a ser erguida em meados de 1924, para cumprir um voto que o Padre Luiz Marcigaglia, naquele tempo Diretor do Liceu Cora\u00e7\u00e3o de Jesus, fez \u00e0 Teresa de Jesus, em agradecimento pela prote\u00e7\u00e3o recebida durante a Revolu\u00e7\u00e3o de 1924, epis\u00f3dio em que tropas rebeldes do Ex\u00e9rcito e da For\u00e7a P\u00fablica de S\u00e3o Paulo, sob o comando do General Isidoro Dias Lopes, tentaram sufocar a resist\u00eancia do Pal\u00e1cio dos Campos El\u00edseos, onde tropas legalistas defendiam o Governador Carlos de Campos.<\/span><\/p><p>\u00a0<\/p><p><span style=\"font-weight: 400;\">V\u00e1rias vezes, as bombas dos canh\u00f5es ca\u00edram dentro do Liceu, n\u00e3o ferindo nenhum dos internos. Os meninos foram, ent\u00e3o, levados para o pr\u00e9dio da imigra\u00e7\u00e3o, no bairro do Br\u00e1s, atravessando a p\u00e9 as ruas da cidade, em forma\u00e7\u00e3o e uniformizados com fardas caqui.<\/span><\/p><p>\u00a0<\/p><p><span style=\"font-weight: 400;\">Nesta ocasi\u00e3o, um novo e maior milagre ocorreu, pois confundidos como for\u00e7as militares inimigas, por pouco n\u00e3o foram mortos.<\/span><\/p><p>\u00a0<\/p><p><span style=\"font-weight: 400;\">Cumprindo a promessa do Padre Marsigaglia, em 1924, o Liceu come\u00e7ou a erguer a Capela dentro da referida ch\u00e1cara, contando com seus pr\u00f3prios recursos e aux\u00edlio dos Salesianos Cooperadores, capela essa que veio a ser inaugurada em 04 de abril de 1927.<\/span><\/p><p>\u00a0<\/p><p><span style=\"font-weight: 400;\">Nessa condi\u00e7\u00e3o de capela, permaneceu durante 12 anos, at\u00e9 que em 26 de mar\u00e7o de 1939, foi colocado o sino da igreja, n\u00e3o sem um grande susto, conforme atesta a reda\u00e7\u00e3o lavrada no Livro Tombo, que narra: \u201cAp\u00f3s os discursos, os bombeiros come\u00e7aram a erquer o sino. A escada, por\u00e9m, n\u00e3o fez o servi\u00e7o direito; e assim quasi se matam 2 bombeiros; por se ter rebentado o cabo de a\u00e7o. Era a 1\u00aa v\u00eas que se usava essa escada, \u00faltimo mod\u00ealo.\u201d(sic).<\/span><\/p><p>\u00a0<\/p><p><span style=\"font-weight: 400;\">Mais um ano ainda se passou e finalmente, em 27 de outubro de 1940, houve o decreto episcopal de ere\u00e7\u00e3o da par\u00f3quia Santa Teresinha, elevando o templo, da condi\u00e7\u00e3o de capela \u00e0 condi\u00e7\u00e3o de Igreja Matriz Paroquial.<\/span><\/p>\t\t\t\t\t\t\t\t<\/div>\n\t\t\t\t<\/div>\n\t\t\t\t\t<\/div>\n\t\t<\/div>\n\t\t\t\t\t<\/div>\n\t\t<\/section>\n\t\t\t\t<\/div>\n\t\t","protected":false},"excerpt":{"rendered":"<p>Nossa Hist\u00f3ria \u00a0 Por volta de 1918, os Salesianos, adquiriram uma ch\u00e1cara no Alto de Santana, bairro do Chora Menino, onde constru\u00edram, em primeiro lugar, um<span class=\"excerpt-hellip\"> [\u2026]<\/span><\/p>\n","protected":false},"author":93,"featured_media":0,"parent":0,"menu_order":0,"comment_status":"closed","ping_status":"closed","template":"","meta":{"footnotes":""},"class_list":["post-188","page","type-page","status-publish","hentry"],"_links":{"self":[{"href":"https:\/\/salesianossp.org.br\/parstsp\/wp-json\/wp\/v2\/pages\/188","targetHints":{"allow":["GET"]}}],"collection":[{"href":"https:\/\/salesianossp.org.br\/parstsp\/wp-json\/wp\/v2\/pages"}],"about":[{"href":"https:\/\/salesianossp.org.br\/parstsp\/wp-json\/wp\/v2\/types\/page"}],"author":[{"embeddable":true,"href":"https:\/\/salesianossp.org.br\/parstsp\/wp-json\/wp\/v2\/users\/93"}],"replies":[{"embeddable":true,"href":"https:\/\/salesianossp.org.br\/parstsp\/wp-json\/wp\/v2\/comments?post=188"}],"version-history":[{"count":5,"href":"https:\/\/salesianossp.org.br\/parstsp\/wp-json\/wp\/v2\/pages\/188\/revisions"}],"predecessor-version":[{"id":1503,"href":"https:\/\/salesianossp.org.br\/parstsp\/wp-json\/wp\/v2\/pages\/188\/revisions\/1503"}],"wp:attachment":[{"href":"https:\/\/salesianossp.org.br\/parstsp\/wp-json\/wp\/v2\/media?parent=188"}],"curies":[{"name":"wp","href":"https:\/\/api.w.org\/{rel}","templated":true}]}}